{"id":819,"date":"2024-08-22T14:06:25","date_gmt":"2024-08-22T17:06:25","guid":{"rendered":"https:\/\/scientia.international\/?page_id=819"},"modified":"2024-10-29T15:08:21","modified_gmt":"2024-10-29T18:08:21","slug":"noticias-2","status":"publish","type":"page","link":"https:\/\/scientia.international\/es\/news-2\/","title":{"rendered":"Noticias"},"content":{"rendered":"<div data-elementor-type=\"wp-page\" data-elementor-id=\"819\" class=\"elementor elementor-819\" data-elementor-post-type=\"page\">\n\t\t\t\t<div data-marvy_enable_drop_animation=\"false\" data-marvy_enable_fancy_rotate=\"false\" data-marvy_enable_flying_object=\"false\" data-marvy_enable_ripples_animation=\"false\" data-marvy_enable_waves_animation=\"false\" data-marvy_enable_rings_animation=\"false\" data-marvy_enable_topology_animation=\"false\" data-marvy_enable_gradient_animation=\"false\" data-marvy_enable_snow_animation=\"false\" data-marvy_enable_firework_animation=\"false\" data-marvy_enable_cloud_animation=\"false\" class=\"elementor-element elementor-element-1d5f345 e-flex e-con-boxed e-con e-parent\" data-id=\"1d5f345\" data-element_type=\"container\" data-e-type=\"container\">\n\t\t\t\t\t<div class=\"e-con-inner\">\n\t\t<div data-marvy_enable_drop_animation=\"false\" data-marvy_enable_fancy_rotate=\"false\" data-marvy_enable_flying_object=\"false\" data-marvy_enable_ripples_animation=\"false\" data-marvy_enable_waves_animation=\"false\" data-marvy_enable_rings_animation=\"false\" data-marvy_enable_topology_animation=\"false\" data-marvy_enable_gradient_animation=\"false\" data-marvy_enable_snow_animation=\"false\" data-marvy_enable_firework_animation=\"false\" data-marvy_enable_cloud_animation=\"false\" class=\"elementor-element elementor-element-4d8b07c e-con-full e-flex e-con e-child\" data-id=\"4d8b07c\" data-element_type=\"container\" data-e-type=\"container\">\n\t\t\t\t<div class=\"elementor-element elementor-element-46f64c7 elementor-widget elementor-widget-heading\" data-id=\"46f64c7\" data-element_type=\"widget\" data-e-type=\"widget\" data-widget_type=\"heading.default\">\n\t\t\t\t\t<h2 class=\"elementor-heading-title elementor-size-default\">Noticias<\/h2>\t\t\t\t<\/div>\n\t\t\t\t<div class=\"elementor-element elementor-element-81924b6 elementor-widget-divider--view-line elementor-widget elementor-widget-divider\" data-id=\"81924b6\" data-element_type=\"widget\" data-e-type=\"widget\" data-widget_type=\"divider.default\">\n\t\t\t\t\t\t\t<div class=\"elementor-divider\">\n\t\t\t<span class=\"elementor-divider-separator\">\n\t\t\t\t\t\t<\/span>\n\t\t<\/div>\n\t\t\t\t\t\t<\/div>\n\t\t\t\t<\/div>\n\t\t\t\t\t<\/div>\n\t\t\t\t<\/div>\n\t\t<div data-marvy_enable_drop_animation=\"false\" data-marvy_enable_fancy_rotate=\"false\" data-marvy_enable_flying_object=\"false\" data-marvy_enable_ripples_animation=\"false\" data-marvy_enable_waves_animation=\"false\" data-marvy_enable_rings_animation=\"false\" data-marvy_enable_topology_animation=\"false\" data-marvy_enable_gradient_animation=\"false\" data-marvy_enable_snow_animation=\"false\" data-marvy_enable_firework_animation=\"false\" data-marvy_enable_cloud_animation=\"false\" class=\"elementor-element elementor-element-aed2af6 e-flex e-con-boxed e-con e-parent\" data-id=\"aed2af6\" data-element_type=\"container\" data-e-type=\"container\">\n\t\t\t\t\t<div class=\"e-con-inner\">\n\t\t\t\t<div class=\"elementor-element elementor-element-ecfb59e elementor-posts--thumbnail-left elementor-grid-1 elementor-grid-tablet-2 elementor-grid-mobile-1 elementor-widget elementor-widget-posts\" data-id=\"ecfb59e\" data-element_type=\"widget\" data-e-type=\"widget\" data-settings=\"{&quot;classic_row_gap&quot;:{&quot;unit&quot;:&quot;px&quot;,&quot;size&quot;:15,&quot;sizes&quot;:[]},&quot;classic_columns&quot;:&quot;1&quot;,&quot;pagination_type&quot;:&quot;numbers_and_prev_next&quot;,&quot;classic_columns_tablet&quot;:&quot;2&quot;,&quot;classic_columns_mobile&quot;:&quot;1&quot;,&quot;classic_row_gap_tablet&quot;:{&quot;unit&quot;:&quot;px&quot;,&quot;size&quot;:&quot;&quot;,&quot;sizes&quot;:[]},&quot;classic_row_gap_mobile&quot;:{&quot;unit&quot;:&quot;px&quot;,&quot;size&quot;:&quot;&quot;,&quot;sizes&quot;:[]}}\" data-widget_type=\"posts.classic\">\n\t\t\t\t<div class=\"elementor-widget-container\">\n\t\t\t\t\t\t\t<div class=\"elementor-posts-container elementor-posts elementor-posts--skin-classic elementor-grid\" role=\"list\">\n\t\t\t\t<article class=\"elementor-post elementor-grid-item post-1996 post type-post status-publish format-standard has-post-thumbnail hentry category-news tag-cc-by-4-0 tag-dora tag-multilingual-academic-publishing tag-open-access-publishing tag-open-peer-review tag-research-evaluation-reform tag-research-integrity tag-responsible-research-assessment tag-san-francisco-declaration-on-research-assessment\" role=\"listitem\">\n\t\t\t\t<a class=\"elementor-post__thumbnail__link\" href=\"https:\/\/scientia.international\/es\/scientia-international-endorses-dora-responsible-research-assessment\/\" tabindex=\"-1\" >\n\t\t\t<div class=\"elementor-post__thumbnail\"><img fetchpriority=\"high\" decoding=\"async\" width=\"400\" height=\"400\" src=\"https:\/\/scientia.international\/wp-content\/uploads\/2026\/02\/scientia-international-dora-signatory-badge1.png\" class=\"attachment-full size-full wp-image-1998\" alt=\"Scientia International firmante de la DORA - Declaraci\u00f3n de San Francisco sobre la Evaluaci\u00f3n de la Investigaci\u00f3n\" srcset=\"https:\/\/scientia.international\/wp-content\/uploads\/2026\/02\/scientia-international-dora-signatory-badge1.png 400w, https:\/\/scientia.international\/wp-content\/uploads\/2026\/02\/scientia-international-dora-signatory-badge1-300x300.png 300w, https:\/\/scientia.international\/wp-content\/uploads\/2026\/02\/scientia-international-dora-signatory-badge1-150x150.png 150w, https:\/\/scientia.international\/wp-content\/uploads\/2026\/02\/scientia-international-dora-signatory-badge1-12x12.png 12w\" sizes=\"(max-width: 400px) 100vw, 400px\" \/><\/div>\n\t\t<\/a>\n\t\t\t\t<div class=\"elementor-post__text\">\n\t\t\t\t<h3 class=\"elementor-post__title\">\n\t\t\t<a href=\"https:\/\/scientia.international\/es\/scientia-international-endorses-dora-responsible-research-assessment\/\" >\n\t\t\t\tScientia International respalda DORA | Evaluaci\u00f3n responsable de la investigaci\u00f3n\t\t\t<\/a>\n\t\t<\/h3>\n\t\t\t\t<div class=\"elementor-post__meta-data\">\n\t\t\t\t\t<span class=\"elementor-post-date\">\n\t\t\t24\/02\/2026\t\t<\/span>\n\t\t\t\t<\/div>\n\t\t\t\t<div class=\"elementor-post__excerpt\">\n\t\t\t<p>Scientia International respalda formalmente el DORA y reafirma su compromiso con la evaluaci\u00f3n responsable de la investigaci\u00f3n, la revisi\u00f3n abierta por pares, la publicaci\u00f3n multiling\u00fce y el acceso abierto CC BY 4.0.<\/p>\n\t\t<\/div>\n\t\t\n\t\t<a class=\"elementor-post__read-more\" href=\"https:\/\/scientia.international\/es\/scientia-international-endorses-dora-responsible-research-assessment\/\" aria-label=\"M\u00e1s informaci\u00f3n sobre Scientia International respalda DORA | Evaluaci\u00f3n Responsable de la Investigaci\u00f3n\" tabindex=\"-1\" >\n\t\t\tLeer m\u00e1s \u00bb\t\t<\/a>\n\n\t\t\t\t<\/div>\n\t\t\t\t<\/article>\n\t\t\t\t<article class=\"elementor-post elementor-grid-item post-1914 post type-post status-publish format-standard hentry category-articles category-human tag-bram-stoker tag-dracula tag-empire-decline tag-gender-studies tag-human-sciences tag-industrial-revolution tag-labor-legislation tag-literary-analysis tag-migration tag-open-access-2 tag-victorian-england\" role=\"listitem\">\n\t\t\t\t<div class=\"elementor-post__text\">\n\t\t\t\t<h3 class=\"elementor-post__title\">\n\t\t\t<a href=\"https:\/\/scientia.international\/es\/dracula-terror-in-a-failing-empire-victorian-fears-and-society-sijhuman\/\" >\n\t\t\t\tDr\u00e1cula: Terror en un imperio en decadencia | Los miedos y la sociedad victoriana | SIJHuman\t\t\t<\/a>\n\t\t<\/h3>\n\t\t\t\t<div class=\"elementor-post__meta-data\">\n\t\t\t\t\t<span class=\"elementor-post-date\">\n\t\t\t11\/02\/2026\t\t<\/span>\n\t\t\t\t<\/div>\n\t\t\t\t<div class=\"elementor-post__excerpt\">\n\t\t\t<p>Lea \u201cDr\u00e1cula: Terror in a Failing Empire\u201d de Fernando Vugman, publicado en el Vol. 1 n\u00ba 1 (2026) de la Scientia International Journal for Human Sciences. Un an\u00e1lisis cr\u00edtico del miedo, el imperio, el g\u00e9nero y la modernidad industrial en la Inglaterra victoriana.<\/p>\n\t\t<\/div>\n\t\t\n\t\t<a class=\"elementor-post__read-more\" href=\"https:\/\/scientia.international\/es\/dracula-terror-in-a-failing-empire-victorian-fears-and-society-sijhuman\/\" aria-label=\"M\u00e1s informaci\u00f3n sobre Dr\u00e1cula: Terror en un imperio en decadencia | Los miedos y la sociedad victoriana | SIJHuman\" tabindex=\"-1\" >\n\t\t\tLeer m\u00e1s \u00bb\t\t<\/a>\n\n\t\t\t\t<\/div>\n\t\t\t\t<\/article>\n\t\t\t\t<article class=\"elementor-post elementor-grid-item post-1912 post type-post status-publish format-standard hentry category-articles category-human tag-engels tag-human-sciences tag-industrial-revolution tag-labor-exploitation tag-marxist-theory tag-open-access-journal-2 tag-urban-segregation tag-urban-studies tag-working-class\" role=\"listitem\">\n\t\t\t\t<div class=\"elementor-post__text\">\n\t\t\t\t<h3 class=\"elementor-post__title\">\n\t\t\t<a href=\"https:\/\/scientia.international\/es\/city-work-and-urban-segregation-engels-and-the-industrial-city-sijhuman\/\" >\n\t\t\t\tCiudad, trabajo y segregaci\u00f3n urbana | Engels y la ciudad industrial | SIJHuman\t\t\t<\/a>\n\t\t<\/h3>\n\t\t\t\t<div class=\"elementor-post__meta-data\">\n\t\t\t\t\t<span class=\"elementor-post-date\">\n\t\t\t11\/02\/2026\t\t<\/span>\n\t\t\t\t<\/div>\n\t\t\t\t<div class=\"elementor-post__excerpt\">\n\t\t\t<p>Lea \u201cCiudad, trabajo y segregaci\u00f3n urbana: Apuntes de Engels\u201d de Michel Goulart da Silva, publicado en el n\u00famero inaugural de la Scientia International Journal for Human Sciences. Un an\u00e1lisis marxista de la desigualdad urbana desde la Revoluci\u00f3n Industrial hasta el siglo XXI.<\/p>\n\t\t<\/div>\n\t\t\n\t\t<a class=\"elementor-post__read-more\" href=\"https:\/\/scientia.international\/es\/city-work-and-urban-segregation-engels-and-the-industrial-city-sijhuman\/\" aria-label=\"M\u00e1s informaci\u00f3n sobre Ciudad, trabajo y segregaci\u00f3n urbana | Engels y la ciudad industrial | SIJHuman\" tabindex=\"-1\" >\n\t\t\tLeer m\u00e1s \u00bb\t\t<\/a>\n\n\t\t\t\t<\/div>\n\t\t\t\t<\/article>\n\t\t\t\t<article class=\"elementor-post elementor-grid-item post-1892 post type-post status-publish format-standard has-post-thumbnail hentry category-articles category-calls-ebooks category-news tag-and-urban-mobility-call-for-chapters tag-cultural-heritage-studies tag-everyday-life-ethnography tag-heritage tag-memory tag-urban-memory tag-urban-mobility-narratives\" role=\"listitem\">\n\t\t\t\t<a class=\"elementor-post__thumbnail__link\" href=\"https:\/\/scientia.international\/es\/memory-heritage-urban-mobility-call-for-chapters-2026\/\" tabindex=\"-1\" >\n\t\t\t<div class=\"elementor-post__thumbnail\"><img decoding=\"async\" width=\"1080\" height=\"1080\" src=\"https:\/\/scientia.international\/wp-content\/uploads\/2026\/01\/Cards-14-01-2026-English.png\" class=\"attachment-full size-full wp-image-1910\" alt=\"Convocatoria de cap\u00edtulos para el libro Memoria, patrimonio y movilidad urbana con fecha l\u00edmite de presentaci\u00f3n el 31 de marzo de 2026\" srcset=\"https:\/\/scientia.international\/wp-content\/uploads\/2026\/01\/Cards-14-01-2026-English.png 1080w, https:\/\/scientia.international\/wp-content\/uploads\/2026\/01\/Cards-14-01-2026-English-300x300.png 300w, https:\/\/scientia.international\/wp-content\/uploads\/2026\/01\/Cards-14-01-2026-English-1024x1024.png 1024w, https:\/\/scientia.international\/wp-content\/uploads\/2026\/01\/Cards-14-01-2026-English-150x150.png 150w, https:\/\/scientia.international\/wp-content\/uploads\/2026\/01\/Cards-14-01-2026-English-768x768.png 768w, https:\/\/scientia.international\/wp-content\/uploads\/2026\/01\/Cards-14-01-2026-English-12x12.png 12w\" sizes=\"(max-width: 1080px) 100vw, 1080px\" \/><\/div>\n\t\t<\/a>\n\t\t\t\t<div class=\"elementor-post__text\">\n\t\t\t\t<h3 class=\"elementor-post__title\">\n\t\t\t<a href=\"https:\/\/scientia.international\/es\/memory-heritage-urban-mobility-call-for-chapters-2026\/\" >\n\t\t\t\tConvocatoria de cap\u00edtulos de libro | Memoria, patrimonio y movilidad urbana: Narrativas de la vida cotidiana\t\t\t<\/a>\n\t\t<\/h3>\n\t\t\t\t<div class=\"elementor-post__meta-data\">\n\t\t\t\t\t<span class=\"elementor-post-date\">\n\t\t\t14\/01\/2026\t\t<\/span>\n\t\t\t\t<\/div>\n\t\t\t\t<div class=\"elementor-post__excerpt\">\n\t\t\t<p>Convocatoria de cap\u00edtulos sobre memoria, patrimonio y movilidad urbana. Libro electr\u00f3nico de acceso abierto con DOI, ISBN y publicaci\u00f3n biling\u00fce.<\/p>\n\t\t<\/div>\n\t\t\n\t\t<a class=\"elementor-post__read-more\" href=\"https:\/\/scientia.international\/es\/memory-heritage-urban-mobility-call-for-chapters-2026\/\" aria-label=\"M\u00e1s informaci\u00f3n sobre Convocatoria de cap\u00edtulos de libro | Memoria, patrimonio y movilidad urbana: Narrativas de la vida cotidiana\" tabindex=\"-1\" >\n\t\t\tLeer m\u00e1s \u00bb\t\t<\/a>\n\n\t\t\t\t<\/div>\n\t\t\t\t<\/article>\n\t\t\t\t<article class=\"elementor-post elementor-grid-item post-1889 post type-post status-publish format-standard has-post-thumbnail hentry category-articles category-calls-ebooks category-news tag-and-resistance-call-for-chapters tag-contemporary-middle-east-studies tag-imperialism-and-conflict tag-middle-east-politics tag-oppression tag-political-resistance tag-war\" role=\"listitem\">\n\t\t\t\t<a class=\"elementor-post__thumbnail__link\" href=\"https:\/\/scientia.international\/es\/war-oppression-resistance-middle-east-call-for-chapters-2026\/\" tabindex=\"-1\" >\n\t\t\t<div class=\"elementor-post__thumbnail\"><img decoding=\"async\" width=\"1080\" height=\"1080\" src=\"https:\/\/scientia.international\/wp-content\/uploads\/2026\/01\/2.png\" class=\"attachment-full size-full wp-image-1878\" alt=\"Cartel promocional de la convocatoria del libro \u201cGuerra, opresi\u00f3n y resistencia: Pol\u00edtica del tiempo presente en Oriente Pr\u00f3ximo\u201d, que representa un paisaje urbano da\u00f1ado por la guerra y cuyo plazo de presentaci\u00f3n finaliza el 31 de marzo de 2026.\" srcset=\"https:\/\/scientia.international\/wp-content\/uploads\/2026\/01\/2.png 1080w, https:\/\/scientia.international\/wp-content\/uploads\/2026\/01\/2-300x300.png 300w, https:\/\/scientia.international\/wp-content\/uploads\/2026\/01\/2-1024x1024.png 1024w, https:\/\/scientia.international\/wp-content\/uploads\/2026\/01\/2-150x150.png 150w, https:\/\/scientia.international\/wp-content\/uploads\/2026\/01\/2-768x768.png 768w, https:\/\/scientia.international\/wp-content\/uploads\/2026\/01\/2-12x12.png 12w\" sizes=\"(max-width: 1080px) 100vw, 1080px\" \/><\/div>\n\t\t<\/a>\n\t\t\t\t<div class=\"elementor-post__text\">\n\t\t\t\t<h3 class=\"elementor-post__title\">\n\t\t\t<a href=\"https:\/\/scientia.international\/es\/war-oppression-resistance-middle-east-call-for-chapters-2026\/\" >\n\t\t\t\tConvocatoria de cap\u00edtulos de libros | Guerra, opresi\u00f3n y resistencia: La pol\u00edtica del presente en Oriente Pr\u00f3ximo\t\t\t<\/a>\n\t\t<\/h3>\n\t\t\t\t<div class=\"elementor-post__meta-data\">\n\t\t\t\t\t<span class=\"elementor-post-date\">\n\t\t\t14\/01\/2026\t\t<\/span>\n\t\t\t\t<\/div>\n\t\t\t\t<div class=\"elementor-post__excerpt\">\n\t\t\t<p>Convocatoria de cap\u00edtulos sobre la guerra, la opresi\u00f3n y la resistencia en Oriente Pr\u00f3ximo. Libro electr\u00f3nico de acceso abierto con DOI y publicaci\u00f3n biling\u00fce.<\/p>\n\t\t<\/div>\n\t\t\n\t\t<a class=\"elementor-post__read-more\" href=\"https:\/\/scientia.international\/es\/war-oppression-resistance-middle-east-call-for-chapters-2026\/\" aria-label=\"M\u00e1s informaci\u00f3n sobre Convocatoria de cap\u00edtulos de libro | Guerra, opresi\u00f3n y resistencia: La pol\u00edtica del presente en Oriente Pr\u00f3ximo\" tabindex=\"-1\" >\n\t\t\tLeer m\u00e1s \u00bb\t\t<\/a>\n\n\t\t\t\t<\/div>\n\t\t\t\t<\/article>\n\t\t\t\t<article class=\"elementor-post elementor-grid-item post-1887 post type-post status-publish format-standard has-post-thumbnail hentry category-articles category-calls-ebooks category-news tag-cultural-representations-of-fear tag-from-the-gothic-in-literature-to-horror-in-cinema-call-for-chapters tag-gothic-literature tag-horror-cinema-studies tag-monsters-and-the-supernatural\" role=\"listitem\">\n\t\t\t\t<a class=\"elementor-post__thumbnail__link\" href=\"https:\/\/scientia.international\/es\/from-the-gothic-to-horror-cinema-call-for-chapters-2026\/\" tabindex=\"-1\" >\n\t\t\t<div class=\"elementor-post__thumbnail\"><img loading=\"lazy\" decoding=\"async\" width=\"1080\" height=\"1080\" src=\"https:\/\/scientia.international\/wp-content\/uploads\/2026\/01\/4.png\" class=\"attachment-full size-full wp-image-1879\" alt=\"Cartel promocional de la convocatoria del libro \u201cDe lo g\u00f3tico en la literatura al horror en el cine\u201d, con una calavera, velas y una oscura est\u00e9tica g\u00f3tica, cuyo plazo de presentaci\u00f3n finaliza el 31 de marzo de 2026.\" srcset=\"https:\/\/scientia.international\/wp-content\/uploads\/2026\/01\/4.png 1080w, https:\/\/scientia.international\/wp-content\/uploads\/2026\/01\/4-300x300.png 300w, https:\/\/scientia.international\/wp-content\/uploads\/2026\/01\/4-1024x1024.png 1024w, https:\/\/scientia.international\/wp-content\/uploads\/2026\/01\/4-150x150.png 150w, https:\/\/scientia.international\/wp-content\/uploads\/2026\/01\/4-768x768.png 768w, https:\/\/scientia.international\/wp-content\/uploads\/2026\/01\/4-12x12.png 12w\" sizes=\"(max-width: 1080px) 100vw, 1080px\" \/><\/div>\n\t\t<\/a>\n\t\t\t\t<div class=\"elementor-post__text\">\n\t\t\t\t<h3 class=\"elementor-post__title\">\n\t\t\t<a href=\"https:\/\/scientia.international\/es\/from-the-gothic-to-horror-cinema-call-for-chapters-2026\/\" >\n\t\t\t\tConvocatoria de cap\u00edtulos de libros | De lo g\u00f3tico en la literatura al horror en el cine\t\t\t<\/a>\n\t\t<\/h3>\n\t\t\t\t<div class=\"elementor-post__meta-data\">\n\t\t\t\t\t<span class=\"elementor-post-date\">\n\t\t\t14\/01\/2026\t\t<\/span>\n\t\t\t\t<\/div>\n\t\t\t\t<div class=\"elementor-post__excerpt\">\n\t\t\t<p>Convocatoria de cap\u00edtulos sobre literatura g\u00f3tica y cine de terror. Libro electr\u00f3nico de acceso abierto con DOI, ISBN y publicaci\u00f3n biling\u00fce.<\/p>\n\t\t<\/div>\n\t\t\n\t\t<a class=\"elementor-post__read-more\" href=\"https:\/\/scientia.international\/es\/from-the-gothic-to-horror-cinema-call-for-chapters-2026\/\" aria-label=\"M\u00e1s informaci\u00f3n sobre Call for Book Chapters | De lo g\u00f3tico en la literatura al horror en el cine\" tabindex=\"-1\" >\n\t\t\tLeer m\u00e1s \u00bb\t\t<\/a>\n\n\t\t\t\t<\/div>\n\t\t\t\t<\/article>\n\t\t\t\t<article class=\"elementor-post elementor-grid-item post-1885 post type-post status-publish format-standard has-post-thumbnail hentry category-articles category-calls-ebooks category-news tag-authoritarian-regimes tag-conservative-ideologies tag-fascism-and-dictatorships tag-political-repression-studies tag-repressive-regimes-conservative-ideas-call-for-chapters\" role=\"listitem\">\n\t\t\t\t<a class=\"elementor-post__thumbnail__link\" href=\"https:\/\/scientia.international\/es\/repressive-regimes-conservative-ideas-call-for-chapters-2026\/\" tabindex=\"-1\" >\n\t\t\t<div class=\"elementor-post__thumbnail\"><img loading=\"lazy\" decoding=\"async\" width=\"1080\" height=\"1080\" src=\"https:\/\/scientia.international\/wp-content\/uploads\/2026\/01\/1.png\" class=\"attachment-full size-full wp-image-1877\" alt=\"Cartel promocional de la convocatoria del libro \u201cReg\u00edmenes represivos, ideas conservadoras: Redes, ideolog\u00edas y gobiernos\u201d, que muestra a personas aplaudiendo en un escenario pol\u00edtico y la fecha l\u00edmite de presentaci\u00f3n: 31 de marzo de 2026.\" srcset=\"https:\/\/scientia.international\/wp-content\/uploads\/2026\/01\/1.png 1080w, https:\/\/scientia.international\/wp-content\/uploads\/2026\/01\/1-300x300.png 300w, https:\/\/scientia.international\/wp-content\/uploads\/2026\/01\/1-1024x1024.png 1024w, https:\/\/scientia.international\/wp-content\/uploads\/2026\/01\/1-150x150.png 150w, https:\/\/scientia.international\/wp-content\/uploads\/2026\/01\/1-768x768.png 768w, https:\/\/scientia.international\/wp-content\/uploads\/2026\/01\/1-12x12.png 12w\" sizes=\"(max-width: 1080px) 100vw, 1080px\" \/><\/div>\n\t\t<\/a>\n\t\t\t\t<div class=\"elementor-post__text\">\n\t\t\t\t<h3 class=\"elementor-post__title\">\n\t\t\t<a href=\"https:\/\/scientia.international\/es\/repressive-regimes-conservative-ideas-call-for-chapters-2026\/\" >\n\t\t\t\tConvocatoria de cap\u00edtulos de libros | Reg\u00edmenes represivos, ideas conservadoras: Redes, ideolog\u00edas y gobiernos\t\t\t<\/a>\n\t\t<\/h3>\n\t\t\t\t<div class=\"elementor-post__meta-data\">\n\t\t\t\t\t<span class=\"elementor-post-date\">\n\t\t\t14\/01\/2026\t\t<\/span>\n\t\t\t\t<\/div>\n\t\t\t\t<div class=\"elementor-post__excerpt\">\n\t\t\t<p>Convocatoria de cap\u00edtulos sobre reg\u00edmenes autoritarios e ideolog\u00edas conservadoras. Libro electr\u00f3nico de acceso abierto con DOI, ISBN y publicaci\u00f3n biling\u00fce.<\/p>\n\t\t<\/div>\n\t\t\n\t\t<a class=\"elementor-post__read-more\" href=\"https:\/\/scientia.international\/es\/repressive-regimes-conservative-ideas-call-for-chapters-2026\/\" aria-label=\"M\u00e1s informaci\u00f3n sobre Convocatoria de cap\u00edtulos de libro | Reg\u00edmenes represivos, ideas conservadoras: Redes, ideolog\u00edas y gobiernos\" tabindex=\"-1\" >\n\t\t\tLeer m\u00e1s \u00bb\t\t<\/a>\n\n\t\t\t\t<\/div>\n\t\t\t\t<\/article>\n\t\t\t\t<article class=\"elementor-post elementor-grid-item post-1883 post type-post status-publish format-standard has-post-thumbnail hentry category-articles category-calls-ebooks category-news tag-biodiversity-and-territorial-management tag-environmental-conservation-conflicts tag-political-ecology tag-protected-areas-governance tag-protected-areas-in-perspective-call-for-chapters\" role=\"listitem\">\n\t\t\t\t<a class=\"elementor-post__thumbnail__link\" href=\"https:\/\/scientia.international\/es\/protected-areas-in-perspective-call-for-chapters-2026\/\" tabindex=\"-1\" >\n\t\t\t<div class=\"elementor-post__thumbnail\"><img loading=\"lazy\" decoding=\"async\" width=\"1080\" height=\"1080\" src=\"https:\/\/scientia.international\/wp-content\/uploads\/2026\/01\/5.png\" class=\"attachment-full size-full wp-image-1882\" alt=\"Cartel promocional de la convocatoria del libro \u201c\u00c1reas protegidas en perspectiva\u201d, con un paisaje forestal brumoso y la fecha l\u00edmite de presentaci\u00f3n del 31 de marzo de 2026.\" srcset=\"https:\/\/scientia.international\/wp-content\/uploads\/2026\/01\/5.png 1080w, https:\/\/scientia.international\/wp-content\/uploads\/2026\/01\/5-300x300.png 300w, https:\/\/scientia.international\/wp-content\/uploads\/2026\/01\/5-1024x1024.png 1024w, https:\/\/scientia.international\/wp-content\/uploads\/2026\/01\/5-150x150.png 150w, https:\/\/scientia.international\/wp-content\/uploads\/2026\/01\/5-768x768.png 768w, https:\/\/scientia.international\/wp-content\/uploads\/2026\/01\/5-12x12.png 12w\" sizes=\"(max-width: 1080px) 100vw, 1080px\" \/><\/div>\n\t\t<\/a>\n\t\t\t\t<div class=\"elementor-post__text\">\n\t\t\t\t<h3 class=\"elementor-post__title\">\n\t\t\t<a href=\"https:\/\/scientia.international\/es\/protected-areas-in-perspective-call-for-chapters-2026\/\" >\n\t\t\t\tConvocatoria de cap\u00edtulos de libros | Las \u00e1reas protegidas en perspectiva\t\t\t<\/a>\n\t\t<\/h3>\n\t\t\t\t<div class=\"elementor-post__meta-data\">\n\t\t\t\t\t<span class=\"elementor-post-date\">\n\t\t\t14\/01\/2026\t\t<\/span>\n\t\t\t\t<\/div>\n\t\t\t\t<div class=\"elementor-post__excerpt\">\n\t\t\t<p>Convocatoria de cap\u00edtulos sobre \u00e1reas protegidas, conservaci\u00f3n y gobernanza medioambiental. Libro electr\u00f3nico de acceso abierto con DOI y publicaci\u00f3n biling\u00fce.<\/p>\n\t\t<\/div>\n\t\t\n\t\t<a class=\"elementor-post__read-more\" href=\"https:\/\/scientia.international\/es\/protected-areas-in-perspective-call-for-chapters-2026\/\" aria-label=\"M\u00e1s informaci\u00f3n sobre Call for Book Chapters | \u00c1reas protegidas en perspectiva\" tabindex=\"-1\" >\n\t\t\tLeer m\u00e1s \u00bb\t\t<\/a>\n\n\t\t\t\t<\/div>\n\t\t\t\t<\/article>\n\t\t\t\t<article class=\"elementor-post elementor-grid-item post-1876 post type-post status-publish format-standard has-post-thumbnail hentry category-articles category-calls-ebooks category-news tag-amazonian-conflicts tag-amazonian-emergencies-call-for-chapters tag-decolonial-studies-amazon tag-indigenous-resistance tag-socioenvironmental-conflicts\" role=\"listitem\">\n\t\t\t\t<a class=\"elementor-post__thumbnail__link\" href=\"https:\/\/scientia.international\/es\/amazonian-emergencies-call-for-chapters-2026\/\" tabindex=\"-1\" >\n\t\t\t<div class=\"elementor-post__thumbnail\"><img loading=\"lazy\" decoding=\"async\" width=\"1080\" height=\"1080\" src=\"https:\/\/scientia.international\/wp-content\/uploads\/2026\/01\/3.png\" class=\"attachment-full size-full wp-image-1881\" alt=\"Cartel promocional de la convocatoria del libro \u201cEmergencias amaz\u00f3nicas: Conflictos, resistencias y reexistencias\u201d, que muestra una vista a\u00e9rea de la selva y el r\u00edo Amazonas y cuyo plazo de presentaci\u00f3n finaliza el 31 de marzo de 2026.\" srcset=\"https:\/\/scientia.international\/wp-content\/uploads\/2026\/01\/3.png 1080w, https:\/\/scientia.international\/wp-content\/uploads\/2026\/01\/3-300x300.png 300w, https:\/\/scientia.international\/wp-content\/uploads\/2026\/01\/3-1024x1024.png 1024w, https:\/\/scientia.international\/wp-content\/uploads\/2026\/01\/3-150x150.png 150w, https:\/\/scientia.international\/wp-content\/uploads\/2026\/01\/3-768x768.png 768w, https:\/\/scientia.international\/wp-content\/uploads\/2026\/01\/3-12x12.png 12w\" sizes=\"(max-width: 1080px) 100vw, 1080px\" \/><\/div>\n\t\t<\/a>\n\t\t\t\t<div class=\"elementor-post__text\">\n\t\t\t\t<h3 class=\"elementor-post__title\">\n\t\t\t<a href=\"https:\/\/scientia.international\/es\/amazonian-emergencies-call-for-chapters-2026\/\" >\n\t\t\t\tConvocatoria de cap\u00edtulos de libros | Emergencias amaz\u00f3nicas: Conflictos, resistencias y reexistencias\t\t\t<\/a>\n\t\t<\/h3>\n\t\t\t\t<div class=\"elementor-post__meta-data\">\n\t\t\t\t\t<span class=\"elementor-post-date\">\n\t\t\t14\/01\/2026\t\t<\/span>\n\t\t\t\t<\/div>\n\t\t\t\t<div class=\"elementor-post__excerpt\">\n\t\t\t<p>Convocatoria de cap\u00edtulos sobre conflictos, resistencias y reexistencias amaz\u00f3nicas. Libro electr\u00f3nico de acceso abierto con DOI, ISBN y publicaci\u00f3n biling\u00fce.<\/p>\n\t\t<\/div>\n\t\t\n\t\t<a class=\"elementor-post__read-more\" href=\"https:\/\/scientia.international\/es\/amazonian-emergencies-call-for-chapters-2026\/\" aria-label=\"M\u00e1s informaci\u00f3n sobre Convocatoria de cap\u00edtulos de libro | Emergencias amaz\u00f3nicas: Conflictos, resistencias y reexistencias\" tabindex=\"-1\" >\n\t\t\tLeer m\u00e1s \u00bb\t\t<\/a>\n\n\t\t\t\t<\/div>\n\t\t\t\t<\/article>\n\t\t\t\t<\/div>\n\t\t\n\t\t\t\t<div class=\"e-load-more-anchor\" data-page=\"1\" data-max-page=\"2\" data-next-page=\"https:\/\/scientia.international\/es\/wp-json\/wp\/v2\/pages\/819\/page\/2\/\"><\/div>\n\t\t\t\t<nav class=\"elementor-pagination\" aria-label=\"Paginaci\u00f3n\">\n\t\t\t<span class=\"page-numbers prev\">\u00ab Anterior<\/span>\n<span aria-current=\"page\" class=\"page-numbers current\"><span class=\"elementor-screen-only\">P\u00e1gina<\/span>1<\/span>\n<a class=\"page-numbers\" href=\"https:\/\/scientia.international\/es\/wp-json\/wp\/v2\/pages\/819\/page\/2\/\"><span class=\"elementor-screen-only\">P\u00e1gina<\/span>2<\/a>\n<a class=\"page-numbers next\" href=\"https:\/\/scientia.international\/es\/wp-json\/wp\/v2\/pages\/819\/page\/2\/\">Seguinte \u00bb<\/a>\t\t<\/nav>\n\t\t\t\t\t\t<\/div>\n\t\t\t\t<\/div>\n\t\t\t\t\t<\/div>\n\t\t\t\t<\/div>\n\t\t<div data-marvy_enable_drop_animation=\"false\" data-marvy_enable_fancy_rotate=\"false\" data-marvy_enable_flying_object=\"false\" data-marvy_enable_ripples_animation=\"false\" data-marvy_enable_waves_animation=\"false\" data-marvy_enable_rings_animation=\"false\" data-marvy_enable_topology_animation=\"false\" data-marvy_enable_gradient_animation=\"false\" data-marvy_enable_snow_animation=\"false\" data-marvy_enable_firework_animation=\"false\" data-marvy_enable_cloud_animation=\"false\" class=\"elementor-element elementor-element-5191e62 e-flex e-con-boxed e-con e-parent\" data-id=\"5191e62\" data-element_type=\"container\" data-e-type=\"container\">\n\t\t\t\t\t<div class=\"e-con-inner\">\n\t\t\t\t\t<\/div>\n\t\t\t\t<\/div>\n\t\t\t\t<\/div>","protected":false},"excerpt":{"rendered":"","protected":false},"author":4,"featured_media":0,"parent":0,"menu_order":0,"comment_status":"closed","ping_status":"closed","template":"elementor_header_footer","meta":{"_mo_disable_npp":"","om_disable_all_campaigns":false,"_monsterinsights_skip_tracking":false,"_monsterinsights_sitenote_active":false,"_monsterinsights_sitenote_note":"","_monsterinsights_sitenote_category":0,"_uf_show_specific_survey":0,"_uf_disable_surveys":false,"footnotes":""},"class_list":["post-819","page","type-page","status-publish","hentry"],"yoast_head":"<!-- This site is optimized with the Yoast SEO plugin v27.5 - https:\/\/yoast.com\/product\/yoast-seo-wordpress\/ -->\n<title>News - Scientia International<\/title>\n<meta name=\"robots\" content=\"index, follow, max-snippet:-1, max-image-preview:large, max-video-preview:-1\" \/>\n<link rel=\"canonical\" href=\"https:\/\/scientia.international\/es\/noticias-2\/\" \/>\n<meta property=\"og:locale\" content=\"es_ES\" \/>\n<meta property=\"og:type\" content=\"article\" \/>\n<meta property=\"og:title\" content=\"News - Scientia International\" \/>\n<meta property=\"og:url\" content=\"https:\/\/scientia.international\/es\/noticias-2\/\" \/>\n<meta property=\"og:site_name\" content=\"Scientia International\" \/>\n<meta property=\"article:modified_time\" content=\"2024-10-29T18:08:21+00:00\" \/>\n<meta name=\"twitter:card\" content=\"summary_large_image\" \/>\n<script type=\"application\/ld+json\" class=\"yoast-schema-graph\">{\"@context\":\"https:\\\/\\\/schema.org\",\"@graph\":[{\"@type\":\"WebPage\",\"@id\":\"https:\\\/\\\/scientia.international\\\/news-2\\\/\",\"url\":\"https:\\\/\\\/scientia.international\\\/news-2\\\/\",\"name\":\"News - Scientia International\",\"isPartOf\":{\"@id\":\"https:\\\/\\\/scientia.international\\\/es\\\/#website\"},\"datePublished\":\"2024-08-22T17:06:25+00:00\",\"dateModified\":\"2024-10-29T18:08:21+00:00\",\"breadcrumb\":{\"@id\":\"https:\\\/\\\/scientia.international\\\/news-2\\\/#breadcrumb\"},\"inLanguage\":\"es\",\"potentialAction\":[{\"@type\":\"ReadAction\",\"target\":[\"https:\\\/\\\/scientia.international\\\/news-2\\\/\"]}]},{\"@type\":\"BreadcrumbList\",\"@id\":\"https:\\\/\\\/scientia.international\\\/news-2\\\/#breadcrumb\",\"itemListElement\":[{\"@type\":\"ListItem\",\"position\":1,\"name\":\"Home\",\"item\":\"https:\\\/\\\/scientia.international\\\/\"},{\"@type\":\"ListItem\",\"position\":2,\"name\":\"News\"}]},{\"@type\":\"WebSite\",\"@id\":\"https:\\\/\\\/scientia.international\\\/es\\\/#website\",\"url\":\"https:\\\/\\\/scientia.international\\\/es\\\/\",\"name\":\"Scientia International\",\"description\":\"Global science in open access!\",\"potentialAction\":[{\"@type\":\"SearchAction\",\"target\":{\"@type\":\"EntryPoint\",\"urlTemplate\":\"https:\\\/\\\/scientia.international\\\/es\\\/?s={search_term_string}\"},\"query-input\":{\"@type\":\"PropertyValueSpecification\",\"valueRequired\":true,\"valueName\":\"search_term_string\"}}],\"inLanguage\":\"es\"}]}<\/script>\n<!-- \/ Yoast SEO plugin. -->","yoast_head_json":{"title":"Noticias - Scientia Internacional","robots":{"index":"index","follow":"follow","max-snippet":"max-snippet:-1","max-image-preview":"max-image-preview:large","max-video-preview":"max-video-preview:-1"},"canonical":"https:\/\/scientia.international\/es\/noticias-2\/","og_locale":"es_ES","og_type":"article","og_title":"News - Scientia International","og_url":"https:\/\/scientia.international\/es\/noticias-2\/","og_site_name":"Scientia International","article_modified_time":"2024-10-29T18:08:21+00:00","twitter_card":"summary_large_image","schema":{"@context":"https:\/\/schema.org","@graph":[{"@type":"WebPage","@id":"https:\/\/scientia.international\/news-2\/","url":"https:\/\/scientia.international\/news-2\/","name":"Noticias - Scientia Internacional","isPartOf":{"@id":"https:\/\/scientia.international\/es\/#website"},"datePublished":"2024-08-22T17:06:25+00:00","dateModified":"2024-10-29T18:08:21+00:00","breadcrumb":{"@id":"https:\/\/scientia.international\/news-2\/#breadcrumb"},"inLanguage":"es","potentialAction":[{"@type":"ReadAction","target":["https:\/\/scientia.international\/news-2\/"]}]},{"@type":"BreadcrumbList","@id":"https:\/\/scientia.international\/news-2\/#breadcrumb","itemListElement":[{"@type":"ListItem","position":1,"name":"Home","item":"https:\/\/scientia.international\/"},{"@type":"ListItem","position":2,"name":"News"}]},{"@type":"WebSite","@id":"https:\/\/scientia.international\/es\/#website","url":"https:\/\/scientia.international\/es\/","name":"Scientia Internacional","description":"\u00a1Ciencia global en acceso abierto!","potentialAction":[{"@type":"SearchAction","target":{"@type":"EntryPoint","urlTemplate":"https:\/\/scientia.international\/es\/?s={search_term_string}"},"query-input":{"@type":"PropertyValueSpecification","valueRequired":true,"valueName":"search_term_string"}}],"inLanguage":"es"}]}},"_links":{"self":[{"href":"https:\/\/scientia.international\/es\/wp-json\/wp\/v2\/pages\/819","targetHints":{"allow":["GET"]}}],"collection":[{"href":"https:\/\/scientia.international\/es\/wp-json\/wp\/v2\/pages"}],"about":[{"href":"https:\/\/scientia.international\/es\/wp-json\/wp\/v2\/types\/page"}],"author":[{"embeddable":true,"href":"https:\/\/scientia.international\/es\/wp-json\/wp\/v2\/users\/4"}],"replies":[{"embeddable":true,"href":"https:\/\/scientia.international\/es\/wp-json\/wp\/v2\/comments?post=819"}],"version-history":[{"count":0,"href":"https:\/\/scientia.international\/es\/wp-json\/wp\/v2\/pages\/819\/revisions"}],"wp:attachment":[{"href":"https:\/\/scientia.international\/es\/wp-json\/wp\/v2\/media?parent=819"}],"curies":[{"name":"gracias","href":"https:\/\/api.w.org\/{rel}","templated":true}]}}