{"id":2142,"date":"2026-07-17T09:12:33","date_gmt":"2026-07-17T12:12:33","guid":{"rendered":"https:\/\/scientia.international\/publications\/"},"modified":"2026-07-17T09:12:33","modified_gmt":"2026-07-17T12:12:33","slug":"publications","status":"publish","type":"page","link":"https:\/\/scientia.international\/pt\/publications\/","title":{"rendered":"Scientific publications"},"content":{"rendered":"<section class=\"siph siph-catalog\" data-siph-catalog data-per-page=\"12\" data-locale=\"wp_Json\" data-rest-url=\"https:\/\/scientia.international\/pt\/wp-json\/scientia-publications\/v1\/publications\">\n            <header class=\"siph-catalog-header\">\n                <p class=\"siph-eyebrow\">Scientia International<\/p>\n                <h1 class=\"siph-catalog-title\">Publica\u00e7\u00f5es cient\u00edficas<\/h1>\n                <p class=\"siph-catalog-intro\">Consulte artigos, livros, cap\u00edtulos, editoriais e resenhas publicados pela Scientia International.<\/p>            <\/header>\n                                    <form class=\"siph-filter-form\" method=\"get\" data-siph-filter-form action=\"\">\n            <div class=\"siph-search-field\">\n                <label for=\"siph-q\">Buscar publica\u00e7\u00f5es<\/label>\n                <div class=\"siph-search-control\"><span aria-hidden=\"true\">\u2315<\/span><input id=\"siph-q\" name=\"siph_q\" type=\"search\" value=\"\" placeholder=\"T\u00edtulo, autor, resumo ou DOI\"><button type=\"submit\">Buscar<\/button><\/div>\n            <\/div>\n            <button class=\"siph-mobile-filter-toggle\" type=\"button\" data-siph-filter-toggle aria-expanded=\"false\" aria-controls=\"siph-filter-fields\">Filtros <span aria-hidden=\"true\">\u25be<\/span><\/button>\n            <div class=\"siph-filter-fields\" id=\"siph-filter-fields\" data-siph-filter-fields>\n                        <div class=\"siph-field\"><label for=\"siph_type\">Tipo<\/label><select id=\"siph_type\" name=\"siph_type\" data-siph-auto-submit><option value=\"\">Todas<\/option><option value=\"article\" >Artigo<\/option><option value=\"book\" >Livro<\/option><option value=\"chapter\" >Cap\u00edtulo<\/option><\/select><\/div>\n                                <div class=\"siph-field\"><label for=\"siph_journal\">Fonte ou peri\u00f3dico<\/label><select id=\"siph_journal\" name=\"siph_journal\" data-siph-auto-submit><option value=\"\">Todas<\/option><option value=\"sij-biological-sciences\" >SIJ Ci\u00eancias Biol\u00f3gicas<\/option><option value=\"sij-earth-sciences\" >SIJ Ci\u00eancias da Terra<\/option><option value=\"sij-exact-sciences\" >SIJ Ci\u00eancias Exatas<\/option><option value=\"sij-human-sciences\" >SIJ Ci\u00eancias Humanas<\/option><option value=\"sij-linguistics-letters-arts\" >SIJ Lingu\u00edstica, Letras e Artes<\/option><option value=\"sij-social-sciences\" >SIJ Ci\u00eancias Sociais<\/option><option value=\"scientia-press\" >Scientia International Press<\/option><\/select><\/div>\n                                <div class=\"siph-field\"><label for=\"siph_area\">\u00c1rea do conhecimento<\/label><select id=\"siph_area\" name=\"siph_area\" data-siph-auto-submit><option value=\"\">Todas<\/option><option value=\"Biological Sciences\" >Ci\u00eancias Biol\u00f3gicas<\/option><option value=\"Books and Chapters\" >Books and Chapters<\/option><option value=\"Earth Sciences\" >Ci\u00eancias da Terra<\/option><option value=\"Exact Sciences\" >Ci\u00eancias Exatas<\/option><option value=\"Human Sciences\" >Ci\u00eancias Humanas<\/option><option value=\"Linguistics, Letters &amp; Arts\" >Linguistics, Letters &amp; Arts<\/option><option value=\"Social Sciences\" >Ci\u00eancias Sociais<\/option><\/select><\/div>\n                                <div class=\"siph-field\"><label for=\"siph_language\">Idioma<\/label><select id=\"siph_language\" name=\"siph_language\" data-siph-auto-submit><option value=\"\">Todas<\/option><option value=\"en\" >EN<\/option><option value=\"pt_BR\" >PT_BR<\/option><\/select><\/div>\n                                <div class=\"siph-field\"><label for=\"siph_year\">Ano<\/label><select id=\"siph_year\" name=\"siph_year\" data-siph-auto-submit><option value=\"\">Todas<\/option><option value=\"2026\" >2026<\/option><option value=\"2024\" >2024<\/option><\/select><\/div>\n                                <div class=\"siph-field\"><label for=\"siph_doi\">DOI<\/label><select id=\"siph_doi\" name=\"siph_doi\" data-siph-auto-submit><option value=\"\">Todas<\/option><option value=\"yes\" >Com DOI<\/option><option value=\"no\" >Sem DOI<\/option><\/select><\/div>\n                                <div class=\"siph-field\"><label for=\"siph_order\">Ordena\u00e7\u00e3o<\/label><select id=\"siph_order\" name=\"siph_order\" data-siph-auto-submit><option value=\"date_desc\" >Mais recentes primeiro<\/option><option value=\"date_asc\" >Mais antigas primeiro<\/option><option value=\"title_asc\" >T\u00edtulo A\u2013Z<\/option><option value=\"title_desc\" >T\u00edtulo Z\u2013A<\/option><\/select><\/div>\n                        <div class=\"siph-filter-actions\"><button class=\"siph-button\" type=\"submit\">Aplicar filtros<\/button><a class=\"siph-button siph-button-ghost\" href=\"\/pt\/wp-json\/wp\/v2\/pages\/2142\">Limpar<\/a><\/div>\n            <\/div>\n        <input type=\"hidden\" name=\"trp-form-language\" value=\"pt\"\/><\/form>\n                                <div class=\"siph-catalog-status\" aria-live=\"polite\" aria-atomic=\"true\"><\/div>\n            <div class=\"siph-catalog-results\" data-siph-results>\n                        <div class=\"siph-results-head\">\n            <p class=\"siph-result-count\">33 publica\u00e7\u00f5es encontradas<\/p>\n                    <\/div>\n                    <div class=\"siph-grid siph-results-grid\">\n                                            <article class=\"siph-card siph-card-catalog\" data-publication-type=\"article\" style=\"--siph-accent:#7C4DB8;--siph-on-accent:#FFFFFF\">\n                            <div class=\"siph-card-visual\">\n                                            <div class=\"siph-generated-cover\" aria-hidden=\"true\"><span>SIJ Social<\/span><b>C<\/b><\/div>\n                                    <\/div>\n                        <div class=\"siph-card-body\">\n                <div class=\"siph-card-labels\">\n                    <span class=\"siph-source-badge\"><span class=\"siph-source-dot\" aria-hidden=\"true\"><\/span>SIJ Ci\u00eancias Sociais<\/span>\n                    <span class=\"siph-type-label\">Artigo<\/span>\n                <\/div>\n                <h3 class=\"siph-card-title\"><a href=\"https:\/\/journals.scientia.international\/SIJSocial\/article\/view\/26\" target=\"_blank\" rel=\"noopener noreferrer\">Connecting helices, generating solutions: the role of INOVAREPE in modernizing public management in Pernambuco<span class=\"screen-reader-text\"> (abre em uma nova aba)<\/span><\/a><\/h3>\n                <p class=\"siph-authors\">Cavalcanti de Melo Ata\u00edde, Luana, Brito Alves, Ana Elisabete, Pasa G\u00f3mez, Carla Regina<\/p>                <p class=\"siph-abstract\">The digital and sustainable transformation of public management requires innovative, collaborative, and data-driven approaches. In this context, the INOVAREPE program in Pernambuco operates as an open innovation platform, connecting government, academia, the productive sector, and civil\u2026<\/p>                <div class=\"siph-card-meta\">\n                    <time datetime=\"2026-07-30T00:00:00+02:00\">30\/07\/2026<\/time>                    <a class=\"siph-doi\" href=\"https:\/\/doi.org\/10.56365\/sjjgr074\" target=\"_blank\" rel=\"noopener noreferrer\">DOI: 10.56365\/sjjgr074<\/a>                <\/div>\n                <a class=\"siph-card-button\" href=\"https:\/\/journals.scientia.international\/SIJSocial\/article\/view\/26\" target=\"_blank\" rel=\"noopener noreferrer\">Ver publica\u00e7\u00e3o<span aria-hidden=\"true\">\u2197<\/span><\/a>\n            <\/div>\n        <\/article>\n                                                    <article class=\"siph-card siph-card-catalog\" data-publication-type=\"article\" style=\"--siph-accent:#7C4DB8;--siph-on-accent:#FFFFFF\">\n                            <div class=\"siph-card-visual\">\n                                            <div class=\"siph-generated-cover\" aria-hidden=\"true\"><span>SIJ Social<\/span><b>E<\/b><\/div>\n                                    <\/div>\n                        <div class=\"siph-card-body\">\n                <div class=\"siph-card-labels\">\n                    <span class=\"siph-source-badge\"><span class=\"siph-source-dot\" aria-hidden=\"true\"><\/span>SIJ Ci\u00eancias Sociais<\/span>\n                    <span class=\"siph-type-label\">Artigo<\/span>\n                <\/div>\n                <h3 class=\"siph-card-title\"><a href=\"https:\/\/journals.scientia.international\/SIJSocial\/article\/view\/31\" target=\"_blank\" rel=\"noopener noreferrer\">Experiential Loyalty in Nature Adventure Tourism: The Relationship between Satisfaction, Sustainable Engagement, and Intentions to Revisit and Recommend: A Descriptive Study in the Agreste Region of Pernambuco, Brazil<span class=\"screen-reader-text\"> (abre em uma nova aba)<\/span><\/a><\/h3>\n                <p class=\"siph-authors\">de Brito Alves, Ana Elisabeth, Cavalcanti de Melo Ata\u00edde, Luana, de Brito Alves Cavalcanti, Juliana, Severo, Eliana Andr\u00e9a<\/p>                <p class=\"siph-abstract\">Nature-based adventure tourism has established itself as a modality capable of providing unique and memorable experiences to consumers, especially in regions that combine natural landscapes with sustainable practices and active leisure. In the Pernambuco hinterland, the\u2026<\/p>                <div class=\"siph-card-meta\">\n                    <time datetime=\"2026-07-30T00:00:00+02:00\">30\/07\/2026<\/time>                    <a class=\"siph-doi\" href=\"https:\/\/doi.org\/10.56365\/5t7xh498\" target=\"_blank\" rel=\"noopener noreferrer\">DOI: 10.56365\/5t7xh498<\/a>                <\/div>\n                <a class=\"siph-card-button\" href=\"https:\/\/journals.scientia.international\/SIJSocial\/article\/view\/31\" target=\"_blank\" rel=\"noopener noreferrer\">Ver publica\u00e7\u00e3o<span aria-hidden=\"true\">\u2197<\/span><\/a>\n            <\/div>\n        <\/article>\n                                                    <article class=\"siph-card siph-card-catalog\" data-publication-type=\"article\" style=\"--siph-accent:#7C4DB8;--siph-on-accent:#FFFFFF\">\n                            <div class=\"siph-card-visual\">\n                                            <div class=\"siph-generated-cover\" aria-hidden=\"true\"><span>SIJ Social<\/span><b>L<\/b><\/div>\n                                    <\/div>\n                        <div class=\"siph-card-body\">\n                <div class=\"siph-card-labels\">\n                    <span class=\"siph-source-badge\"><span class=\"siph-source-dot\" aria-hidden=\"true\"><\/span>SIJ Ci\u00eancias Sociais<\/span>\n                    <span class=\"siph-type-label\">Artigo<\/span>\n                <\/div>\n                <h3 class=\"siph-card-title\"><a href=\"https:\/\/journals.scientia.international\/SIJSocial\/article\/view\/27\" target=\"_blank\" rel=\"noopener noreferrer\">Lagoa Mirim: liquid border and international political ecology<span class=\"screen-reader-text\"> (abre em uma nova aba)<\/span><\/a><\/h3>\n                <p class=\"siph-authors\">Guimar\u00e3es Brito, Antonio, Terencio Szulik, Yashmin<\/p>                <p class=\"siph-abstract\">This article addresses Lagoa Mirim and the binational management shared by Brazil and Uruguay. It describes the environmental and ecosystem significance of Lagoa Mirim, the impacts on the biome, and the need for international cooperation for\u2026<\/p>                <div class=\"siph-card-meta\">\n                    <time datetime=\"2026-07-30T00:00:00+02:00\">30\/07\/2026<\/time>                    <a class=\"siph-doi\" href=\"https:\/\/doi.org\/10.56365\/6tss7853\" target=\"_blank\" rel=\"noopener noreferrer\">DOI: 10.56365\/6tss7853<\/a>                <\/div>\n                <a class=\"siph-card-button\" href=\"https:\/\/journals.scientia.international\/SIJSocial\/article\/view\/27\" target=\"_blank\" rel=\"noopener noreferrer\">Ver publica\u00e7\u00e3o<span aria-hidden=\"true\">\u2197<\/span><\/a>\n            <\/div>\n        <\/article>\n                                                    <article class=\"siph-card siph-card-catalog\" data-publication-type=\"article\" style=\"--siph-accent:#7C4DB8;--siph-on-accent:#FFFFFF\">\n                            <div class=\"siph-card-visual\">\n                                            <div class=\"siph-generated-cover\" aria-hidden=\"true\"><span>SIJ Social<\/span><b>T<\/b><\/div>\n                                    <\/div>\n                        <div class=\"siph-card-body\">\n                <div class=\"siph-card-labels\">\n                    <span class=\"siph-source-badge\"><span class=\"siph-source-dot\" aria-hidden=\"true\"><\/span>SIJ Ci\u00eancias Sociais<\/span>\n                    <span class=\"siph-type-label\">Artigo<\/span>\n                <\/div>\n                <h3 class=\"siph-card-title\"><a href=\"https:\/\/journals.scientia.international\/SIJSocial\/article\/view\/11\" target=\"_blank\" rel=\"noopener noreferrer\">The Relationship Between the Sustainable Development Goals and the Construction of the Image of a Tourist Destination: The Case of Mariana, Minas Gerais<span class=\"screen-reader-text\"> (abre em uma nova aba)<\/span><\/a><\/h3>\n                <p class=\"siph-authors\">Gomes dos Anjos, \u00c1gueda Maria, de Souza Braga, Solano, Regina Rodrigues Pinho, Thays, Cristina Putrick, Simone<\/p>                <p class=\"siph-abstract\">This study analyzes how Mariana, Minas Gerais, is portrayed as a tourist destination on the internet, focusing on the relationship between its public image and the Sustainable Development Goals (SDGs) 11 and 12. The research examined\u2026<\/p>                <div class=\"siph-card-meta\">\n                    <time datetime=\"2026-07-30T00:00:00+02:00\">30\/07\/2026<\/time>                    <a class=\"siph-doi\" href=\"https:\/\/doi.org\/10.56365\/cytfpc45\" target=\"_blank\" rel=\"noopener noreferrer\">DOI: 10.56365\/cytfpc45<\/a>                <\/div>\n                <a class=\"siph-card-button\" href=\"https:\/\/journals.scientia.international\/SIJSocial\/article\/view\/11\" target=\"_blank\" rel=\"noopener noreferrer\">Ver publica\u00e7\u00e3o<span aria-hidden=\"true\">\u2197<\/span><\/a>\n            <\/div>\n        <\/article>\n                                                    <article class=\"siph-card siph-card-catalog\" data-publication-type=\"article\" style=\"--siph-accent:#7C4DB8;--siph-on-accent:#FFFFFF\">\n                            <div class=\"siph-card-visual\">\n                                            <div class=\"siph-generated-cover\" aria-hidden=\"true\"><span>SIJ Social<\/span><b>M<\/b><\/div>\n                                    <\/div>\n                        <div class=\"siph-card-body\">\n                <div class=\"siph-card-labels\">\n                    <span class=\"siph-source-badge\"><span class=\"siph-source-dot\" aria-hidden=\"true\"><\/span>SIJ Ci\u00eancias Sociais<\/span>\n                    <span class=\"siph-type-label\">Artigo<\/span>\n                <\/div>\n                <h3 class=\"siph-card-title\"><a href=\"https:\/\/journals.scientia.international\/SIJSocial\/article\/view\/46\" target=\"_blank\" rel=\"noopener noreferrer\">Media, platforms, and cultural production in Brazil: mediations, visibility disputes, and public policies<span class=\"screen-reader-text\"> (abre em uma nova aba)<\/span><\/a><\/h3>\n                <p class=\"siph-authors\">Porto Machado, Juliana, Alves Marcelino, Bruno C\u00e9sar, da Costa S\u00e9govia, Rodrigo<\/p>                <p class=\"siph-abstract\">This article analyzes the relations between media and cultural production in Brazil through the transition from mass communication to digital platform ecosystems. Using a theoretical-interpretive design, the study combines a bibliographic review, documentary analysis, and a\u2026<\/p>                <div class=\"siph-card-meta\">\n                    <time datetime=\"2026-07-28T00:00:00+02:00\">28\/07\/2026<\/time>                    <a class=\"siph-doi\" href=\"https:\/\/doi.org\/10.56365\/gta2p837\" target=\"_blank\" rel=\"noopener noreferrer\">DOI: 10.56365\/gta2p837<\/a>                <\/div>\n                <a class=\"siph-card-button\" href=\"https:\/\/journals.scientia.international\/SIJSocial\/article\/view\/46\" target=\"_blank\" rel=\"noopener noreferrer\">Ver publica\u00e7\u00e3o<span aria-hidden=\"true\">\u2197<\/span><\/a>\n            <\/div>\n        <\/article>\n                                                    <article class=\"siph-card siph-card-catalog\" data-publication-type=\"article\" style=\"--siph-accent:#F5C43A;--siph-on-accent:#000000\">\n                            <div class=\"siph-card-visual\">\n                                            <div class=\"siph-generated-cover\" aria-hidden=\"true\"><span>SIJ LLA<\/span><b>P<\/b><\/div>\n                                    <\/div>\n                        <div class=\"siph-card-body\">\n                <div class=\"siph-card-labels\">\n                    <span class=\"siph-source-badge\"><span class=\"siph-source-dot\" aria-hidden=\"true\"><\/span>SIJ Lingu\u00edstica, Letras e Artes<\/span>\n                    <span class=\"siph-type-label\">Artigo<\/span>\n                <\/div>\n                <h3 class=\"siph-card-title\"><a href=\"https:\/\/journals.scientia.international\/SIJLLA\/article\/view\/19\" target=\"_blank\" rel=\"noopener noreferrer\">Perceptions of Rueda de Casino: Dialogues between Brazil, Cuba, and Norway<span class=\"screen-reader-text\"> (abre em uma nova aba)<\/span><\/a><\/h3>\n                <p class=\"siph-authors\">Blois Nunes, Bruno, Corr\u00eaa de Borba Barboza, M\u00f4nica, Rygg, Bernt<\/p>                <p class=\"siph-abstract\">This article discusses a dance of Cuban origin known as Rueda de Casino. From the perspective of the three authors, we present an account that brings together three viewpoints derived from experiences in different parts of\u2026<\/p>                <div class=\"siph-card-meta\">\n                    <time datetime=\"2026-07-28T00:00:00+02:00\">28\/07\/2026<\/time>                    <a class=\"siph-doi\" href=\"https:\/\/doi.org\/10.56365\/sng6m558\" target=\"_blank\" rel=\"noopener noreferrer\">DOI: 10.56365\/sng6m558<\/a>                <\/div>\n                <a class=\"siph-card-button\" href=\"https:\/\/journals.scientia.international\/SIJLLA\/article\/view\/19\" target=\"_blank\" rel=\"noopener noreferrer\">Ver publica\u00e7\u00e3o<span aria-hidden=\"true\">\u2197<\/span><\/a>\n            <\/div>\n        <\/article>\n                                                    <article class=\"siph-card siph-card-catalog\" data-publication-type=\"article\" style=\"--siph-accent:#F5C43A;--siph-on-accent:#000000\">\n                            <div class=\"siph-card-visual\">\n                                            <div class=\"siph-generated-cover\" aria-hidden=\"true\"><span>SIJ LLA<\/span><b>P<\/b><\/div>\n                                    <\/div>\n                        <div class=\"siph-card-body\">\n                <div class=\"siph-card-labels\">\n                    <span class=\"siph-source-badge\"><span class=\"siph-source-dot\" aria-hidden=\"true\"><\/span>SIJ Lingu\u00edstica, Letras e Artes<\/span>\n                    <span class=\"siph-type-label\">Artigo<\/span>\n                <\/div>\n                <h3 class=\"siph-card-title\"><a href=\"https:\/\/journals.scientia.international\/SIJLLA\/article\/view\/20\" target=\"_blank\" rel=\"noopener noreferrer\">Portuguese as a Welcoming Language (PLAc): perspectives on alanguage policy under implementationc), and the Digital Environment<span class=\"screen-reader-text\"> (abre em uma nova aba)<\/span><\/a><\/h3>\n                <p class=\"siph-authors\">Merkle, Carina, Viater Figueira, Cleonis, Gon\u00e7alves Lopes, Marlene, Santos Gomes, Myller Augusto, Yukio Soares Matsushima, Airton, Canova dos Santos, Willian, Barreiros, Jo\u00e3o, Dias Furtado, Jo\u00e3o Carlos, Prates, Wesley Henrique, Gorett da Silveira Lemos, Elis, M\u00fcller de Oliveira, Gilvan, Rizzi Varela, Larissa<\/p>                <p class=\"siph-abstract\">Paran\u00e1 Fala Idiomas (PFI) is a language policy initiative adopted by the state of Paran\u00e1 as a strategy for the internationalization of its state universities. Within the framework of PFI, the pilot project PFI \u2013 Portuguese\u2026<\/p>                <div class=\"siph-card-meta\">\n                    <time datetime=\"2026-07-24T00:00:00+02:00\">24\/07\/2026<\/time>                    <a class=\"siph-doi\" href=\"https:\/\/doi.org\/10.56365\/bdq69306\" target=\"_blank\" rel=\"noopener noreferrer\">DOI: 10.56365\/bdq69306<\/a>                <\/div>\n                <a class=\"siph-card-button\" href=\"https:\/\/journals.scientia.international\/SIJLLA\/article\/view\/20\" target=\"_blank\" rel=\"noopener noreferrer\">Ver publica\u00e7\u00e3o<span aria-hidden=\"true\">\u2197<\/span><\/a>\n            <\/div>\n        <\/article>\n                                                    <article class=\"siph-card siph-card-catalog\" data-publication-type=\"article\" style=\"--siph-accent:#F5C43A;--siph-on-accent:#000000\">\n                            <div class=\"siph-card-visual\">\n                                            <div class=\"siph-generated-cover\" aria-hidden=\"true\"><span>SIJ LLA<\/span><b>C<\/b><\/div>\n                                    <\/div>\n                        <div class=\"siph-card-body\">\n                <div class=\"siph-card-labels\">\n                    <span class=\"siph-source-badge\"><span class=\"siph-source-dot\" aria-hidden=\"true\"><\/span>SIJ Lingu\u00edstica, Letras e Artes<\/span>\n                    <span class=\"siph-type-label\">Artigo<\/span>\n                <\/div>\n                <h3 class=\"siph-card-title\"><a href=\"https:\/\/journals.scientia.international\/SIJLLA\/article\/view\/21\" target=\"_blank\" rel=\"noopener noreferrer\">Cassandra Rios, Dissident Bodies, and the Representation of Trans Characters in Brazilian Literature: Some Topics<span class=\"screen-reader-text\"> (abre em uma nova aba)<\/span><\/a><\/h3>\n                <p class=\"siph-authors\">Lima Silva, Luciana<\/p>                <p class=\"siph-abstract\">This paper aims to highlight the significance of Cassandra Rios\u2014an author whose books became a major popular publishing phenomenon in the mid-twentieth century\u2014in the construction and consolidation of the representation of dissident and trans bodies in\u2026<\/p>                <div class=\"siph-card-meta\">\n                    <time datetime=\"2026-07-16T00:00:00+02:00\">16\/07\/2026<\/time>                    <a class=\"siph-doi\" href=\"https:\/\/doi.org\/10.56365\/hmzdw988\" target=\"_blank\" rel=\"noopener noreferrer\">DOI: 10.56365\/hmzdw988<\/a>                <\/div>\n                <a class=\"siph-card-button\" href=\"https:\/\/journals.scientia.international\/SIJLLA\/article\/view\/21\" target=\"_blank\" rel=\"noopener noreferrer\">Ver publica\u00e7\u00e3o<span aria-hidden=\"true\">\u2197<\/span><\/a>\n            <\/div>\n        <\/article>\n                                                    <article class=\"siph-card siph-card-catalog\" data-publication-type=\"book\" style=\"--siph-accent:#483A7E;--siph-on-accent:#FFFFFF\">\n                            <div class=\"siph-card-visual\">\n                                            <div class=\"siph-generated-cover\" aria-hidden=\"true\"><span>Scientia Press<\/span><b>H<\/b><\/div>\n                                    <\/div>\n                        <div class=\"siph-card-body\">\n                <div class=\"siph-card-labels\">\n                    <span class=\"siph-source-badge\"><span class=\"siph-source-dot\" aria-hidden=\"true\"><\/span>Scientia International Press<\/span>\n                    <span class=\"siph-type-label\">Livro<\/span>\n                <\/div>\n                <h3 class=\"siph-card-title\"><a href=\"https:\/\/press.scientia.international\/press\/catalog\/book\/2\" target=\"_blank\" rel=\"noopener noreferrer\">History, Culture and Politics<span class=\"screen-reader-text\"> (abre em uma nova aba)<\/span><\/a><\/h3>\n                <p class=\"siph-authors\">Goulart da Silva, Michel, Pereira Carvalhaes, Heloah, Adhishmaya, E V, Gopi, Aswathy, Sime\u00e3o Silva, S\u00e9rgio Lu\u00eds, Fontineles Filho, Pedro Pio, da Silva Cruz, Adriano Charles, Batista Pereira Neto, Justino, Silva da Silva, Bernard Arthur<\/p>                <p class=\"siph-abstract\">This e-book brings together works that discuss themes related to politics and culture from a historical perspective. The texts examine issues connected to international politics and its ideological and subjective reverberations. They also address questions concerning\u2026<\/p>                <div class=\"siph-card-meta\">\n                    <time datetime=\"2026-06-17T00:00:00+02:00\">17\/06\/2026<\/time>                                    <\/div>\n                <a class=\"siph-card-button\" href=\"https:\/\/press.scientia.international\/press\/catalog\/book\/2\" target=\"_blank\" rel=\"noopener noreferrer\">Ver publica\u00e7\u00e3o<span aria-hidden=\"true\">\u2197<\/span><\/a>\n            <\/div>\n        <\/article>\n                                                    <article class=\"siph-card siph-card-catalog\" data-publication-type=\"book\" style=\"--siph-accent:#483A7E;--siph-on-accent:#FFFFFF\">\n                            <div class=\"siph-card-visual\">\n                                            <div class=\"siph-generated-cover\" aria-hidden=\"true\"><span>Scientia Press<\/span><b>H<\/b><\/div>\n                                    <\/div>\n                        <div class=\"siph-card-body\">\n                <div class=\"siph-card-labels\">\n                    <span class=\"siph-source-badge\"><span class=\"siph-source-dot\" aria-hidden=\"true\"><\/span>Scientia International Press<\/span>\n                    <span class=\"siph-type-label\">Livro<\/span>\n                <\/div>\n                <h3 class=\"siph-card-title\"><a href=\"https:\/\/press.scientia.international\/press\/catalog\/book\/2\" target=\"_blank\" rel=\"noopener noreferrer\">History, Culture and Politics<span class=\"screen-reader-text\"> (abre em uma nova aba)<\/span><\/a><\/h3>\n                <p class=\"siph-authors\">Goulart da Silva, Michel, Pereira Carvalhaes, Heloah, Adhishmaya, E V, Gopi, Aswathy, Sime\u00e3o Silva, S\u00e9rgio Lu\u00eds, Fontineles Filho, Pedro Pio, da Silva Cruz, Adriano Charles, Batista Pereira Neto, Justino, Silva da Silva, Bernard Arthur<\/p>                <p class=\"siph-abstract\">This e-book brings together works that discuss themes related to politics and culture from a historical perspective. The texts examine issues connected to international politics and its ideological and subjective reverberations. They also address questions concerning\u2026<\/p>                <div class=\"siph-card-meta\">\n                    <time datetime=\"2026-06-17T00:00:00+02:00\">17\/06\/2026<\/time>                                    <\/div>\n                <a class=\"siph-card-button\" href=\"https:\/\/press.scientia.international\/press\/catalog\/book\/2\" target=\"_blank\" rel=\"noopener noreferrer\">Ver publica\u00e7\u00e3o<span aria-hidden=\"true\">\u2197<\/span><\/a>\n            <\/div>\n        <\/article>\n                                                    <article class=\"siph-card siph-card-catalog\" data-publication-type=\"chapter\" style=\"--siph-accent:#483A7E;--siph-on-accent:#FFFFFF\">\n                            <div class=\"siph-card-visual\">\n                                            <div class=\"siph-generated-cover\" aria-hidden=\"true\"><span>Scientia Press<\/span><b>\u201c<\/b><\/div>\n                                    <\/div>\n                        <div class=\"siph-card-body\">\n                <div class=\"siph-card-labels\">\n                    <span class=\"siph-source-badge\"><span class=\"siph-source-dot\" aria-hidden=\"true\"><\/span>Scientia International Press<\/span>\n                    <span class=\"siph-type-label\">Cap\u00edtulo<\/span>\n                <\/div>\n                <h3 class=\"siph-card-title\"><a href=\"https:\/\/press.scientia.international\/press\/en\/catalog\/book\/2\/chapter\/6\" target=\"_blank\" rel=\"noopener noreferrer\">\u201cI was also that left-wing rocker, against the system...\u201d: white complicit masculinity, performed hypermasculinity, neoconservatism, and heavy metal in digital environments of the Bel\u00e9m-PA heavy metal scene during the Bolsonaro administration (2019-2022)<span class=\"screen-reader-text\"> (abre em uma nova aba)<\/span><\/a><\/h3>\n                <p class=\"siph-authors\">Bernard Arthur Silva da Silva<\/p>                <p class=\"siph-abstract\">Based on song lyrics, recorded interviews, magazine interviews, social media pages, and comments on YouTube and Facebook, this article analyzes the music video \u201cDitador do Metal\u201d (2020), published on the YouTube channel of R. Bala, leader\u2026<\/p>                <div class=\"siph-card-meta\">\n                    <time datetime=\"2026-06-17T00:00:00+02:00\">17\/06\/2026<\/time>                    <a class=\"siph-doi\" href=\"https:\/\/doi.org\/10.56365\/pwj4n362\" target=\"_blank\" rel=\"noopener noreferrer\">DOI: 10.56365\/pwj4n362<\/a>                <\/div>\n                <a class=\"siph-card-button\" href=\"https:\/\/press.scientia.international\/press\/en\/catalog\/book\/2\/chapter\/6\" target=\"_blank\" rel=\"noopener noreferrer\">Ver publica\u00e7\u00e3o<span aria-hidden=\"true\">\u2197<\/span><\/a>\n            <\/div>\n        <\/article>\n                                                    <article class=\"siph-card siph-card-catalog\" data-publication-type=\"chapter\" style=\"--siph-accent:#483A7E;--siph-on-accent:#FFFFFF\">\n                            <div class=\"siph-card-visual\">\n                                            <div class=\"siph-generated-cover\" aria-hidden=\"true\"><span>Scientia Press<\/span><b>E<\/b><\/div>\n                                    <\/div>\n                        <div class=\"siph-card-body\">\n                <div class=\"siph-card-labels\">\n                    <span class=\"siph-source-badge\"><span class=\"siph-source-dot\" aria-hidden=\"true\"><\/span>Scientia International Press<\/span>\n                    <span class=\"siph-type-label\">Cap\u00edtulo<\/span>\n                <\/div>\n                <h3 class=\"siph-card-title\"><a href=\"https:\/\/press.scientia.international\/press\/en\/catalog\/book\/2\/chapter\/5\" target=\"_blank\" rel=\"noopener noreferrer\">Expressionism and Gothic Aesthetics in Tim Burton&#039;s Vincent: an intericonic analysis<span class=\"screen-reader-text\"> (abre em uma nova aba)<\/span><\/a><\/h3>\n                <p class=\"siph-authors\">Adriano Charles da Silva Cruz, Justino Batista Pereira Neto<\/p>                <p class=\"siph-abstract\">This article analyzes how Tim Burton\u2019s short film Vincent (1982) mobilizes visual echoes of German Expressionism and Gothic aesthetics through intericonic processes that articulate visual memory and film culture. Drawing on Jean-Jacques Courtine\u2019s concept of intericonicity,\u2026<\/p>                <div class=\"siph-card-meta\">\n                    <time datetime=\"2026-06-17T00:00:00+02:00\">17\/06\/2026<\/time>                    <a class=\"siph-doi\" href=\"https:\/\/doi.org\/10.56365\/pwj4n362\" target=\"_blank\" rel=\"noopener noreferrer\">DOI: 10.56365\/pwj4n362<\/a>                <\/div>\n                <a class=\"siph-card-button\" href=\"https:\/\/press.scientia.international\/press\/en\/catalog\/book\/2\/chapter\/5\" target=\"_blank\" rel=\"noopener noreferrer\">Ver publica\u00e7\u00e3o<span aria-hidden=\"true\">\u2197<\/span><\/a>\n            <\/div>\n        <\/article>\n                                    <\/div>\n            <nav class=\"siph-pagination\" aria-label=\"Pagina\u00e7\u00e3o das publica\u00e7\u00f5es\"><span class=\"siph-page-link\"><span aria-current=\"page\" class=\"page-numbers current\">1<\/span><\/span><span class=\"siph-page-link\"><a class=\"page-numbers\" href=\"\/pt\/wp-json\/wp\/v2\/pages\/2142?siph_page=2\">2<\/a><\/span><span class=\"siph-page-link\"><a class=\"page-numbers\" href=\"\/pt\/wp-json\/wp\/v2\/pages\/2142?siph_page=3\">3<\/a><\/span><span class=\"siph-page-link\"><a class=\"next page-numbers\" href=\"\/pt\/wp-json\/wp\/v2\/pages\/2142?siph_page=2\">Pr\u00f3xima \u2192<\/a><\/span><\/nav>                            <\/div>\n        <\/section>","protected":false},"excerpt":{"rendered":"","protected":false},"author":1,"featured_media":0,"parent":0,"menu_order":0,"comment_status":"closed","ping_status":"closed","template":"","meta":{"_mo_disable_npp":"","om_disable_all_campaigns":false,"_monsterinsights_skip_tracking":false,"_uf_show_specific_survey":0,"_uf_disable_surveys":false,"footnotes":""},"class_list":["post-2142","page","type-page","status-publish","hentry"],"yoast_head":"<!-- This site is optimized with the Yoast SEO plugin v28.3 - https:\/\/yoast.com\/product\/yoast-seo-wordpress\/ -->\n<title>Scientific publications - Scientia International<\/title>\n<meta name=\"robots\" content=\"index, follow, max-snippet:-1, max-image-preview:large, max-video-preview:-1\" \/>\n<link rel=\"canonical\" href=\"https:\/\/scientia.international\/pt\/publications\/\" \/>\n<meta property=\"og:locale\" content=\"pt_BR\" \/>\n<meta property=\"og:type\" content=\"article\" \/>\n<meta property=\"og:title\" content=\"Scientific publications - Scientia International\" \/>\n<meta property=\"og:url\" content=\"https:\/\/scientia.international\/pt\/publications\/\" \/>\n<meta property=\"og:site_name\" content=\"Scientia International\" \/>\n<meta name=\"twitter:card\" content=\"summary_large_image\" \/>\n<script type=\"application\/ld+json\" class=\"yoast-schema-graph\">{\"@context\":\"https:\\\/\\\/schema.org\",\"@graph\":[{\"@type\":\"WebPage\",\"@id\":\"https:\\\/\\\/scientia.international\\\/publications\\\/\",\"url\":\"https:\\\/\\\/scientia.international\\\/publications\\\/\",\"name\":\"Scientific publications - Scientia International\",\"isPartOf\":{\"@id\":\"https:\\\/\\\/scientia.international\\\/es\\\/#website\"},\"datePublished\":\"2026-07-17T12:12:33+00:00\",\"breadcrumb\":{\"@id\":\"https:\\\/\\\/scientia.international\\\/publications\\\/#breadcrumb\"},\"inLanguage\":\"pt-BR\",\"potentialAction\":[{\"@type\":\"ReadAction\",\"target\":[\"https:\\\/\\\/scientia.international\\\/publications\\\/\"]}]},{\"@type\":\"BreadcrumbList\",\"@id\":\"https:\\\/\\\/scientia.international\\\/publications\\\/#breadcrumb\",\"itemListElement\":[{\"@type\":\"ListItem\",\"position\":1,\"name\":\"Home\",\"item\":\"https:\\\/\\\/scientia.international\\\/\"},{\"@type\":\"ListItem\",\"position\":2,\"name\":\"Scientific publications\"}]},{\"@type\":\"WebSite\",\"@id\":\"https:\\\/\\\/scientia.international\\\/es\\\/#website\",\"url\":\"https:\\\/\\\/scientia.international\\\/es\\\/\",\"name\":\"Scientia International\",\"description\":\"Global science in open access!\",\"potentialAction\":[{\"@type\":\"SearchAction\",\"target\":{\"@type\":\"EntryPoint\",\"urlTemplate\":\"https:\\\/\\\/scientia.international\\\/es\\\/?s={search_term_string}\"},\"query-input\":{\"@type\":\"PropertyValueSpecification\",\"valueRequired\":true,\"valueName\":\"search_term_string\"}}],\"inLanguage\":\"pt-BR\"}]}<\/script>\n<!-- \/ Yoast SEO plugin. -->","yoast_head_json":{"title":"Scientific publications - Scientia International","robots":{"index":"index","follow":"follow","max-snippet":"max-snippet:-1","max-image-preview":"max-image-preview:large","max-video-preview":"max-video-preview:-1"},"canonical":"https:\/\/scientia.international\/pt\/publications\/","og_locale":"pt_BR","og_type":"article","og_title":"Scientific publications - Scientia International","og_url":"https:\/\/scientia.international\/pt\/publications\/","og_site_name":"Scientia International","twitter_card":"summary_large_image","schema":{"@context":"https:\/\/schema.org","@graph":[{"@type":"WebPage","@id":"https:\/\/scientia.international\/publications\/","url":"https:\/\/scientia.international\/publications\/","name":"Scientific publications - Scientia International","isPartOf":{"@id":"https:\/\/scientia.international\/es\/#website"},"datePublished":"2026-07-17T12:12:33+00:00","breadcrumb":{"@id":"https:\/\/scientia.international\/publications\/#breadcrumb"},"inLanguage":"pt-BR","potentialAction":[{"@type":"ReadAction","target":["https:\/\/scientia.international\/publications\/"]}]},{"@type":"BreadcrumbList","@id":"https:\/\/scientia.international\/publications\/#breadcrumb","itemListElement":[{"@type":"ListItem","position":1,"name":"Home","item":"https:\/\/scientia.international\/"},{"@type":"ListItem","position":2,"name":"Scientific publications"}]},{"@type":"WebSite","@id":"https:\/\/scientia.international\/es\/#website","url":"https:\/\/scientia.international\/es\/","name":"Scientia International","description":"Ci\u00eancia global em acesso aberto!","potentialAction":[{"@type":"SearchAction","target":{"@type":"EntryPoint","urlTemplate":"https:\/\/scientia.international\/es\/?s={search_term_string}"},"query-input":{"@type":"PropertyValueSpecification","valueRequired":true,"valueName":"search_term_string"}}],"inLanguage":"pt-BR"}]}},"_links":{"self":[{"href":"https:\/\/scientia.international\/pt\/wp-json\/wp\/v2\/pages\/2142","targetHints":{"allow":["GET"]}}],"collection":[{"href":"https:\/\/scientia.international\/pt\/wp-json\/wp\/v2\/pages"}],"about":[{"href":"https:\/\/scientia.international\/pt\/wp-json\/wp\/v2\/types\/page"}],"author":[{"embeddable":true,"href":"https:\/\/scientia.international\/pt\/wp-json\/wp\/v2\/users\/1"}],"replies":[{"embeddable":true,"href":"https:\/\/scientia.international\/pt\/wp-json\/wp\/v2\/comments?post=2142"}],"version-history":[{"count":0,"href":"https:\/\/scientia.international\/pt\/wp-json\/wp\/v2\/pages\/2142\/revisions"}],"wp:attachment":[{"href":"https:\/\/scientia.international\/pt\/wp-json\/wp\/v2\/media?parent=2142"}],"curies":[{"name":"wp","href":"https:\/\/api.w.org\/{rel}","templated":true}]}}