{"id":819,"date":"2024-08-22T14:06:25","date_gmt":"2024-08-22T17:06:25","guid":{"rendered":"https:\/\/scientia.international\/?page_id=819"},"modified":"2024-10-29T15:08:21","modified_gmt":"2024-10-29T18:08:21","slug":"noticias-2","status":"publish","type":"page","link":"https:\/\/scientia.international\/pt\/news-2\/","title":{"rendered":"Not\u00edcias"},"content":{"rendered":"<div data-elementor-type=\"wp-page\" data-elementor-id=\"819\" class=\"elementor elementor-819\" data-elementor-post-type=\"page\">\n\t\t\t\t<div data-marvy_enable_drop_animation=\"false\" data-marvy_enable_fancy_rotate=\"false\" data-marvy_enable_flying_object=\"false\" data-marvy_enable_ripples_animation=\"false\" data-marvy_enable_waves_animation=\"false\" data-marvy_enable_rings_animation=\"false\" data-marvy_enable_topology_animation=\"false\" data-marvy_enable_gradient_animation=\"false\" data-marvy_enable_snow_animation=\"false\" data-marvy_enable_firework_animation=\"false\" data-marvy_enable_cloud_animation=\"false\" class=\"elementor-element elementor-element-1d5f345 e-flex e-con-boxed e-con e-parent\" data-id=\"1d5f345\" data-element_type=\"container\" data-e-type=\"container\">\n\t\t\t\t\t<div class=\"e-con-inner\">\n\t\t<div data-marvy_enable_drop_animation=\"false\" data-marvy_enable_fancy_rotate=\"false\" data-marvy_enable_flying_object=\"false\" data-marvy_enable_ripples_animation=\"false\" data-marvy_enable_waves_animation=\"false\" data-marvy_enable_rings_animation=\"false\" data-marvy_enable_topology_animation=\"false\" data-marvy_enable_gradient_animation=\"false\" data-marvy_enable_snow_animation=\"false\" data-marvy_enable_firework_animation=\"false\" data-marvy_enable_cloud_animation=\"false\" class=\"elementor-element elementor-element-4d8b07c e-con-full e-flex e-con e-child\" data-id=\"4d8b07c\" data-element_type=\"container\" data-e-type=\"container\">\n\t\t\t\t<div class=\"elementor-element elementor-element-46f64c7 elementor-widget elementor-widget-heading\" data-id=\"46f64c7\" data-element_type=\"widget\" data-e-type=\"widget\" data-widget_type=\"heading.default\">\n\t\t\t\t\t<h2 class=\"elementor-heading-title elementor-size-default\">Not\u00edcias<\/h2>\t\t\t\t<\/div>\n\t\t\t\t<div class=\"elementor-element elementor-element-81924b6 elementor-widget-divider--view-line elementor-widget elementor-widget-divider\" data-id=\"81924b6\" data-element_type=\"widget\" data-e-type=\"widget\" data-widget_type=\"divider.default\">\n\t\t\t\t\t\t\t<div class=\"elementor-divider\">\n\t\t\t<span class=\"elementor-divider-separator\">\n\t\t\t\t\t\t<\/span>\n\t\t<\/div>\n\t\t\t\t\t\t<\/div>\n\t\t\t\t<\/div>\n\t\t\t\t\t<\/div>\n\t\t\t\t<\/div>\n\t\t<div data-marvy_enable_drop_animation=\"false\" data-marvy_enable_fancy_rotate=\"false\" data-marvy_enable_flying_object=\"false\" data-marvy_enable_ripples_animation=\"false\" data-marvy_enable_waves_animation=\"false\" data-marvy_enable_rings_animation=\"false\" data-marvy_enable_topology_animation=\"false\" data-marvy_enable_gradient_animation=\"false\" data-marvy_enable_snow_animation=\"false\" data-marvy_enable_firework_animation=\"false\" data-marvy_enable_cloud_animation=\"false\" class=\"elementor-element elementor-element-aed2af6 e-flex e-con-boxed e-con e-parent\" data-id=\"aed2af6\" data-element_type=\"container\" data-e-type=\"container\">\n\t\t\t\t\t<div class=\"e-con-inner\">\n\t\t\t\t<div class=\"elementor-element elementor-element-ecfb59e elementor-posts--thumbnail-left elementor-grid-1 elementor-grid-tablet-2 elementor-grid-mobile-1 elementor-widget elementor-widget-posts\" data-id=\"ecfb59e\" data-element_type=\"widget\" data-e-type=\"widget\" data-settings=\"{&quot;classic_row_gap&quot;:{&quot;unit&quot;:&quot;px&quot;,&quot;size&quot;:15,&quot;sizes&quot;:[]},&quot;classic_columns&quot;:&quot;1&quot;,&quot;pagination_type&quot;:&quot;numbers_and_prev_next&quot;,&quot;classic_columns_tablet&quot;:&quot;2&quot;,&quot;classic_columns_mobile&quot;:&quot;1&quot;,&quot;classic_row_gap_tablet&quot;:{&quot;unit&quot;:&quot;px&quot;,&quot;size&quot;:&quot;&quot;,&quot;sizes&quot;:[]},&quot;classic_row_gap_mobile&quot;:{&quot;unit&quot;:&quot;px&quot;,&quot;size&quot;:&quot;&quot;,&quot;sizes&quot;:[]}}\" data-widget_type=\"posts.classic\">\n\t\t\t\t<div class=\"elementor-widget-container\">\n\t\t\t\t\t\t\t<div class=\"elementor-posts-container elementor-posts elementor-posts--skin-classic elementor-grid\" role=\"list\">\n\t\t\t\t<article class=\"elementor-post elementor-grid-item post-1996 post type-post status-publish format-standard has-post-thumbnail hentry category-news tag-cc-by-4-0 tag-dora tag-multilingual-academic-publishing tag-open-access-publishing tag-open-peer-review tag-research-evaluation-reform tag-research-integrity tag-responsible-research-assessment tag-san-francisco-declaration-on-research-assessment\" role=\"listitem\">\n\t\t\t\t<a class=\"elementor-post__thumbnail__link\" href=\"https:\/\/scientia.international\/pt\/scientia-international-endorses-dora-responsible-research-assessment\/\" tabindex=\"-1\" >\n\t\t\t<div class=\"elementor-post__thumbnail\"><img fetchpriority=\"high\" decoding=\"async\" width=\"400\" height=\"400\" src=\"https:\/\/scientia.international\/wp-content\/uploads\/2026\/02\/scientia-international-dora-signatory-badge1.png\" class=\"attachment-full size-full wp-image-1998\" alt=\"Scientia International \u00e9 signat\u00e1ria da DORA - Declara\u00e7\u00e3o de S\u00e3o Francisco sobre Avalia\u00e7\u00e3o de Pesquisa\" srcset=\"https:\/\/scientia.international\/wp-content\/uploads\/2026\/02\/scientia-international-dora-signatory-badge1.png 400w, https:\/\/scientia.international\/wp-content\/uploads\/2026\/02\/scientia-international-dora-signatory-badge1-300x300.png 300w, https:\/\/scientia.international\/wp-content\/uploads\/2026\/02\/scientia-international-dora-signatory-badge1-150x150.png 150w, https:\/\/scientia.international\/wp-content\/uploads\/2026\/02\/scientia-international-dora-signatory-badge1-12x12.png 12w\" sizes=\"(max-width: 400px) 100vw, 400px\" \/><\/div>\n\t\t<\/a>\n\t\t\t\t<div class=\"elementor-post__text\">\n\t\t\t\t<h3 class=\"elementor-post__title\">\n\t\t\t<a href=\"https:\/\/scientia.international\/pt\/scientia-international-endorses-dora-responsible-research-assessment\/\" >\n\t\t\t\tScientia International endossa DORA | Avalia\u00e7\u00e3o de Pesquisa Respons\u00e1vel\t\t\t<\/a>\n\t\t<\/h3>\n\t\t\t\t<div class=\"elementor-post__meta-data\">\n\t\t\t\t\t<span class=\"elementor-post-date\">\n\t\t\t24\/02\/2026\t\t<\/span>\n\t\t\t\t<\/div>\n\t\t\t\t<div class=\"elementor-post__excerpt\">\n\t\t\t<p>A Scientia International endossa formalmente o DORA e reafirma seu compromisso com a avalia\u00e7\u00e3o respons\u00e1vel da pesquisa, a revis\u00e3o aberta por pares, a publica\u00e7\u00e3o multil\u00edngue e o acesso aberto CC BY 4.0.<\/p>\n\t\t<\/div>\n\t\t\n\t\t<a class=\"elementor-post__read-more\" href=\"https:\/\/scientia.international\/pt\/scientia-international-endorses-dora-responsible-research-assessment\/\" aria-label=\"Leia mais sobre Scientia International endossa DORA | Avalia\u00e7\u00e3o de Pesquisa Respons\u00e1vel\" tabindex=\"-1\" >\n\t\t\tLeia mais \"\t\t<\/a>\n\n\t\t\t\t<\/div>\n\t\t\t\t<\/article>\n\t\t\t\t<article class=\"elementor-post elementor-grid-item post-1914 post type-post status-publish format-standard hentry category-articles category-human tag-bram-stoker tag-dracula tag-empire-decline tag-gender-studies tag-human-sciences tag-industrial-revolution tag-labor-legislation tag-literary-analysis tag-migration tag-open-access-2 tag-victorian-england\" role=\"listitem\">\n\t\t\t\t<div class=\"elementor-post__text\">\n\t\t\t\t<h3 class=\"elementor-post__title\">\n\t\t\t<a href=\"https:\/\/scientia.international\/pt\/dracula-terror-in-a-failing-empire-victorian-fears-and-society-sijhuman\/\" >\n\t\t\t\tDr\u00e1cula: Terror em um Imp\u00e9rio Fracassado | Medos e Sociedade Vitoriana | SIJHuman\t\t\t<\/a>\n\t\t<\/h3>\n\t\t\t\t<div class=\"elementor-post__meta-data\">\n\t\t\t\t\t<span class=\"elementor-post-date\">\n\t\t\t11\/02\/2026\t\t<\/span>\n\t\t\t\t<\/div>\n\t\t\t\t<div class=\"elementor-post__excerpt\">\n\t\t\t<p>Leia \u201cDracula: Terror em um Imp\u00e9rio Fracassado\u201d, de Fernando Vugman, publicado no Vol. 1 No. 1 (2026) da Scientia International Journal for Human Sciences. Uma an\u00e1lise cr\u00edtica do medo, do imp\u00e9rio, do g\u00eanero e da modernidade industrial na Inglaterra vitoriana.<\/p>\n\t\t<\/div>\n\t\t\n\t\t<a class=\"elementor-post__read-more\" href=\"https:\/\/scientia.international\/pt\/dracula-terror-in-a-failing-empire-victorian-fears-and-society-sijhuman\/\" aria-label=\"Leia mais sobre Dracula: Terror em um Imp\u00e9rio Fracassado | Medos e Sociedade Vitoriana | SIJHuman\" tabindex=\"-1\" >\n\t\t\tLeia mais \"\t\t<\/a>\n\n\t\t\t\t<\/div>\n\t\t\t\t<\/article>\n\t\t\t\t<article class=\"elementor-post elementor-grid-item post-1912 post type-post status-publish format-standard hentry category-articles category-human tag-engels tag-human-sciences tag-industrial-revolution tag-labor-exploitation tag-marxist-theory tag-open-access-journal-2 tag-urban-segregation tag-urban-studies tag-working-class\" role=\"listitem\">\n\t\t\t\t<div class=\"elementor-post__text\">\n\t\t\t\t<h3 class=\"elementor-post__title\">\n\t\t\t<a href=\"https:\/\/scientia.international\/pt\/city-work-and-urban-segregation-engels-and-the-industrial-city-sijhuman\/\" >\n\t\t\t\tCidade, trabalho e segrega\u00e7\u00e3o urbana | Engels e a cidade industrial | SIJHuman\t\t\t<\/a>\n\t\t<\/h3>\n\t\t\t\t<div class=\"elementor-post__meta-data\">\n\t\t\t\t\t<span class=\"elementor-post-date\">\n\t\t\t11\/02\/2026\t\t<\/span>\n\t\t\t\t<\/div>\n\t\t\t\t<div class=\"elementor-post__excerpt\">\n\t\t\t<p>Leia \u201cCidade, trabalho e segrega\u00e7\u00e3o urbana: Notes from Engels\u201d, de Michel Goulart da Silva, publicado na edi\u00e7\u00e3o inaugural da Scientia International Journal for Human Sciences. Uma an\u00e1lise marxista da desigualdade urbana desde a Revolu\u00e7\u00e3o Industrial at\u00e9 o s\u00e9culo XXI.<\/p>\n\t\t<\/div>\n\t\t\n\t\t<a class=\"elementor-post__read-more\" href=\"https:\/\/scientia.international\/pt\/city-work-and-urban-segregation-engels-and-the-industrial-city-sijhuman\/\" aria-label=\"Leia mais sobre Cidade, trabalho e segrega\u00e7\u00e3o urbana | Engels e a cidade industrial | SIJHuman\" tabindex=\"-1\" >\n\t\t\tLeia mais \"\t\t<\/a>\n\n\t\t\t\t<\/div>\n\t\t\t\t<\/article>\n\t\t\t\t<article class=\"elementor-post elementor-grid-item post-1892 post type-post status-publish format-standard has-post-thumbnail hentry category-articles category-calls-ebooks category-news tag-and-urban-mobility-call-for-chapters tag-cultural-heritage-studies tag-everyday-life-ethnography tag-heritage tag-memory tag-urban-memory tag-urban-mobility-narratives\" role=\"listitem\">\n\t\t\t\t<a class=\"elementor-post__thumbnail__link\" href=\"https:\/\/scientia.international\/pt\/memory-heritage-urban-mobility-call-for-chapters-2026\/\" tabindex=\"-1\" >\n\t\t\t<div class=\"elementor-post__thumbnail\"><img decoding=\"async\" width=\"1080\" height=\"1080\" src=\"https:\/\/scientia.international\/wp-content\/uploads\/2026\/01\/Cards-14-01-2026-English.png\" class=\"attachment-full size-full wp-image-1910\" alt=\"Chamada de cap\u00edtulos para o livro Memory, Heritage, and Urban Mobility (Mem\u00f3ria, Patrim\u00f4nio e Mobilidade Urbana), com prazo de envio em 31 de mar\u00e7o de 2026\" srcset=\"https:\/\/scientia.international\/wp-content\/uploads\/2026\/01\/Cards-14-01-2026-English.png 1080w, https:\/\/scientia.international\/wp-content\/uploads\/2026\/01\/Cards-14-01-2026-English-300x300.png 300w, https:\/\/scientia.international\/wp-content\/uploads\/2026\/01\/Cards-14-01-2026-English-1024x1024.png 1024w, https:\/\/scientia.international\/wp-content\/uploads\/2026\/01\/Cards-14-01-2026-English-150x150.png 150w, https:\/\/scientia.international\/wp-content\/uploads\/2026\/01\/Cards-14-01-2026-English-768x768.png 768w, https:\/\/scientia.international\/wp-content\/uploads\/2026\/01\/Cards-14-01-2026-English-12x12.png 12w\" sizes=\"(max-width: 1080px) 100vw, 1080px\" \/><\/div>\n\t\t<\/a>\n\t\t\t\t<div class=\"elementor-post__text\">\n\t\t\t\t<h3 class=\"elementor-post__title\">\n\t\t\t<a href=\"https:\/\/scientia.international\/pt\/memory-heritage-urban-mobility-call-for-chapters-2026\/\" >\n\t\t\t\tChamada para Cap\u00edtulos de Livros | Memory, Heritage, and Urban Mobility (Mem\u00f3ria, Patrim\u00f4nio e Mobilidade Urbana): Narrativas da vida cotidiana\t\t\t<\/a>\n\t\t<\/h3>\n\t\t\t\t<div class=\"elementor-post__meta-data\">\n\t\t\t\t\t<span class=\"elementor-post-date\">\n\t\t\t14\/01\/2026\t\t<\/span>\n\t\t\t\t<\/div>\n\t\t\t\t<div class=\"elementor-post__excerpt\">\n\t\t\t<p>Chamada para cap\u00edtulos sobre mem\u00f3ria, patrim\u00f4nio e mobilidade urbana. E-book de acesso aberto com DOI, ISBN e publica\u00e7\u00e3o bil\u00edngue.<\/p>\n\t\t<\/div>\n\t\t\n\t\t<a class=\"elementor-post__read-more\" href=\"https:\/\/scientia.international\/pt\/memory-heritage-urban-mobility-call-for-chapters-2026\/\" aria-label=\"Leia mais sobre Chamada para cap\u00edtulos de livros | Mem\u00f3ria, patrim\u00f4nio e mobilidade urbana: Narrativas da vida cotidiana\" tabindex=\"-1\" >\n\t\t\tLeia mais \"\t\t<\/a>\n\n\t\t\t\t<\/div>\n\t\t\t\t<\/article>\n\t\t\t\t<article class=\"elementor-post elementor-grid-item post-1889 post type-post status-publish format-standard has-post-thumbnail hentry category-articles category-calls-ebooks category-news tag-and-resistance-call-for-chapters tag-contemporary-middle-east-studies tag-imperialism-and-conflict tag-middle-east-politics tag-oppression tag-political-resistance tag-war\" role=\"listitem\">\n\t\t\t\t<a class=\"elementor-post__thumbnail__link\" href=\"https:\/\/scientia.international\/pt\/war-oppression-resistance-middle-east-call-for-chapters-2026\/\" tabindex=\"-1\" >\n\t\t\t<div class=\"elementor-post__thumbnail\"><img decoding=\"async\" width=\"1080\" height=\"1080\" src=\"https:\/\/scientia.international\/wp-content\/uploads\/2026\/01\/2.png\" class=\"attachment-full size-full wp-image-1878\" alt=\"P\u00f4ster promocional para a chamada do livro \u201cWar, Oppression, and Resistance: Politics of the Present Time in the Middle East\u201d, retratando uma paisagem urbana danificada pela guerra e o prazo de envio de 31 de mar\u00e7o de 2026.\" srcset=\"https:\/\/scientia.international\/wp-content\/uploads\/2026\/01\/2.png 1080w, https:\/\/scientia.international\/wp-content\/uploads\/2026\/01\/2-300x300.png 300w, https:\/\/scientia.international\/wp-content\/uploads\/2026\/01\/2-1024x1024.png 1024w, https:\/\/scientia.international\/wp-content\/uploads\/2026\/01\/2-150x150.png 150w, https:\/\/scientia.international\/wp-content\/uploads\/2026\/01\/2-768x768.png 768w, https:\/\/scientia.international\/wp-content\/uploads\/2026\/01\/2-12x12.png 12w\" sizes=\"(max-width: 1080px) 100vw, 1080px\" \/><\/div>\n\t\t<\/a>\n\t\t\t\t<div class=\"elementor-post__text\">\n\t\t\t\t<h3 class=\"elementor-post__title\">\n\t\t\t<a href=\"https:\/\/scientia.international\/pt\/war-oppression-resistance-middle-east-call-for-chapters-2026\/\" >\n\t\t\t\tChamada para cap\u00edtulos de livros | War, Oppression, and Resistance: Politics of the Present Time in the Middle East (Pol\u00edtica do Tempo Presente no Oriente M\u00e9dio)\t\t\t<\/a>\n\t\t<\/h3>\n\t\t\t\t<div class=\"elementor-post__meta-data\">\n\t\t\t\t\t<span class=\"elementor-post-date\">\n\t\t\t14\/01\/2026\t\t<\/span>\n\t\t\t\t<\/div>\n\t\t\t\t<div class=\"elementor-post__excerpt\">\n\t\t\t<p>Chamada para cap\u00edtulos sobre guerra, opress\u00e3o e resist\u00eancia no Oriente M\u00e9dio. Livro eletr\u00f4nico de acesso aberto com DOI e publica\u00e7\u00e3o bil\u00edngue.<\/p>\n\t\t<\/div>\n\t\t\n\t\t<a class=\"elementor-post__read-more\" href=\"https:\/\/scientia.international\/pt\/war-oppression-resistance-middle-east-call-for-chapters-2026\/\" aria-label=\"Leia mais sobre Call for Book Chapters | War, Oppression, and Resistance: Pol\u00edtica do tempo presente no Oriente M\u00e9dio\" tabindex=\"-1\" >\n\t\t\tLeia mais \"\t\t<\/a>\n\n\t\t\t\t<\/div>\n\t\t\t\t<\/article>\n\t\t\t\t<article class=\"elementor-post elementor-grid-item post-1887 post type-post status-publish format-standard has-post-thumbnail hentry category-articles category-calls-ebooks category-news tag-cultural-representations-of-fear tag-from-the-gothic-in-literature-to-horror-in-cinema-call-for-chapters tag-gothic-literature tag-horror-cinema-studies tag-monsters-and-the-supernatural\" role=\"listitem\">\n\t\t\t\t<a class=\"elementor-post__thumbnail__link\" href=\"https:\/\/scientia.international\/pt\/from-the-gothic-to-horror-cinema-call-for-chapters-2026\/\" tabindex=\"-1\" >\n\t\t\t<div class=\"elementor-post__thumbnail\"><img loading=\"lazy\" decoding=\"async\" width=\"1080\" height=\"1080\" src=\"https:\/\/scientia.international\/wp-content\/uploads\/2026\/01\/4.png\" class=\"attachment-full size-full wp-image-1879\" alt=\"P\u00f4ster promocional para a chamada do livro \u201cFrom the Gothic in Literature to Horror in Cinema\u201d (Do g\u00f3tico na literatura ao horror no cinema), com uma caveira, velas e uma est\u00e9tica g\u00f3tica sombria com o prazo de envio de 31 de mar\u00e7o de 2026.\" srcset=\"https:\/\/scientia.international\/wp-content\/uploads\/2026\/01\/4.png 1080w, https:\/\/scientia.international\/wp-content\/uploads\/2026\/01\/4-300x300.png 300w, https:\/\/scientia.international\/wp-content\/uploads\/2026\/01\/4-1024x1024.png 1024w, https:\/\/scientia.international\/wp-content\/uploads\/2026\/01\/4-150x150.png 150w, https:\/\/scientia.international\/wp-content\/uploads\/2026\/01\/4-768x768.png 768w, https:\/\/scientia.international\/wp-content\/uploads\/2026\/01\/4-12x12.png 12w\" sizes=\"(max-width: 1080px) 100vw, 1080px\" \/><\/div>\n\t\t<\/a>\n\t\t\t\t<div class=\"elementor-post__text\">\n\t\t\t\t<h3 class=\"elementor-post__title\">\n\t\t\t<a href=\"https:\/\/scientia.international\/pt\/from-the-gothic-to-horror-cinema-call-for-chapters-2026\/\" >\n\t\t\t\tChamada para Cap\u00edtulos de Livros | Do G\u00f3tico na Literatura ao Horror no Cinema\t\t\t<\/a>\n\t\t<\/h3>\n\t\t\t\t<div class=\"elementor-post__meta-data\">\n\t\t\t\t\t<span class=\"elementor-post-date\">\n\t\t\t14\/01\/2026\t\t<\/span>\n\t\t\t\t<\/div>\n\t\t\t\t<div class=\"elementor-post__excerpt\">\n\t\t\t<p>Chamada para cap\u00edtulos sobre literatura g\u00f3tica e cinema de terror. E-book de acesso aberto com DOI, ISBN e publica\u00e7\u00e3o bil\u00edngue.<\/p>\n\t\t<\/div>\n\t\t\n\t\t<a class=\"elementor-post__read-more\" href=\"https:\/\/scientia.international\/pt\/from-the-gothic-to-horror-cinema-call-for-chapters-2026\/\" aria-label=\"Leia mais sobre Chamada para Cap\u00edtulos de Livros | Do G\u00f3tico na Literatura ao Horror no Cinema\" tabindex=\"-1\" >\n\t\t\tLeia mais \"\t\t<\/a>\n\n\t\t\t\t<\/div>\n\t\t\t\t<\/article>\n\t\t\t\t<article class=\"elementor-post elementor-grid-item post-1885 post type-post status-publish format-standard has-post-thumbnail hentry category-articles category-calls-ebooks category-news tag-authoritarian-regimes tag-conservative-ideologies tag-fascism-and-dictatorships tag-political-repression-studies tag-repressive-regimes-conservative-ideas-call-for-chapters\" role=\"listitem\">\n\t\t\t\t<a class=\"elementor-post__thumbnail__link\" href=\"https:\/\/scientia.international\/pt\/repressive-regimes-conservative-ideas-call-for-chapters-2026\/\" tabindex=\"-1\" >\n\t\t\t<div class=\"elementor-post__thumbnail\"><img loading=\"lazy\" decoding=\"async\" width=\"1080\" height=\"1080\" src=\"https:\/\/scientia.international\/wp-content\/uploads\/2026\/01\/1.png\" class=\"attachment-full size-full wp-image-1877\" alt=\"P\u00f4ster promocional para a chamada do livro \u201cRepressive Regimes, Conservative Ideas: Networks, Ideologies, and Governments\u201d, mostrando pessoas aplaudindo em um ambiente pol\u00edtico e o prazo de envio de 31 de mar\u00e7o de 2026.\" srcset=\"https:\/\/scientia.international\/wp-content\/uploads\/2026\/01\/1.png 1080w, https:\/\/scientia.international\/wp-content\/uploads\/2026\/01\/1-300x300.png 300w, https:\/\/scientia.international\/wp-content\/uploads\/2026\/01\/1-1024x1024.png 1024w, https:\/\/scientia.international\/wp-content\/uploads\/2026\/01\/1-150x150.png 150w, https:\/\/scientia.international\/wp-content\/uploads\/2026\/01\/1-768x768.png 768w, https:\/\/scientia.international\/wp-content\/uploads\/2026\/01\/1-12x12.png 12w\" sizes=\"(max-width: 1080px) 100vw, 1080px\" \/><\/div>\n\t\t<\/a>\n\t\t\t\t<div class=\"elementor-post__text\">\n\t\t\t\t<h3 class=\"elementor-post__title\">\n\t\t\t<a href=\"https:\/\/scientia.international\/pt\/repressive-regimes-conservative-ideas-call-for-chapters-2026\/\" >\n\t\t\t\tChamada para cap\u00edtulos de livros | Repressive Regimes, Conservative Ideas: Networks, Ideologies, and Governments (Redes, Ideologias e Governos)\t\t\t<\/a>\n\t\t<\/h3>\n\t\t\t\t<div class=\"elementor-post__meta-data\">\n\t\t\t\t\t<span class=\"elementor-post-date\">\n\t\t\t14\/01\/2026\t\t<\/span>\n\t\t\t\t<\/div>\n\t\t\t\t<div class=\"elementor-post__excerpt\">\n\t\t\t<p>Chamada para cap\u00edtulos sobre regimes autorit\u00e1rios e ideologias conservadoras. Livro eletr\u00f4nico de acesso aberto com DOI, ISBN e publica\u00e7\u00e3o bil\u00edngue.<\/p>\n\t\t<\/div>\n\t\t\n\t\t<a class=\"elementor-post__read-more\" href=\"https:\/\/scientia.international\/pt\/repressive-regimes-conservative-ideas-call-for-chapters-2026\/\" aria-label=\"Leia mais sobre Chamada para cap\u00edtulos de livros | Repressive Regimes, Conservative Ideas: Networks, Ideologies, and Governments (Redes, Ideologias e Governos)\" tabindex=\"-1\" >\n\t\t\tLeia mais \"\t\t<\/a>\n\n\t\t\t\t<\/div>\n\t\t\t\t<\/article>\n\t\t\t\t<article class=\"elementor-post elementor-grid-item post-1883 post type-post status-publish format-standard has-post-thumbnail hentry category-articles category-calls-ebooks category-news tag-biodiversity-and-territorial-management tag-environmental-conservation-conflicts tag-political-ecology tag-protected-areas-governance tag-protected-areas-in-perspective-call-for-chapters\" role=\"listitem\">\n\t\t\t\t<a class=\"elementor-post__thumbnail__link\" href=\"https:\/\/scientia.international\/pt\/protected-areas-in-perspective-call-for-chapters-2026\/\" tabindex=\"-1\" >\n\t\t\t<div class=\"elementor-post__thumbnail\"><img loading=\"lazy\" decoding=\"async\" width=\"1080\" height=\"1080\" src=\"https:\/\/scientia.international\/wp-content\/uploads\/2026\/01\/5.png\" class=\"attachment-full size-full wp-image-1882\" alt=\"P\u00f4ster promocional para a chamada do livro \u201cProtected Areas in Perspective\u201d (\u00c1reas Protegidas em Perspectiva), com uma paisagem de floresta enevoada e o prazo de envio de 31 de mar\u00e7o de 2026.\" srcset=\"https:\/\/scientia.international\/wp-content\/uploads\/2026\/01\/5.png 1080w, https:\/\/scientia.international\/wp-content\/uploads\/2026\/01\/5-300x300.png 300w, https:\/\/scientia.international\/wp-content\/uploads\/2026\/01\/5-1024x1024.png 1024w, https:\/\/scientia.international\/wp-content\/uploads\/2026\/01\/5-150x150.png 150w, https:\/\/scientia.international\/wp-content\/uploads\/2026\/01\/5-768x768.png 768w, https:\/\/scientia.international\/wp-content\/uploads\/2026\/01\/5-12x12.png 12w\" sizes=\"(max-width: 1080px) 100vw, 1080px\" \/><\/div>\n\t\t<\/a>\n\t\t\t\t<div class=\"elementor-post__text\">\n\t\t\t\t<h3 class=\"elementor-post__title\">\n\t\t\t<a href=\"https:\/\/scientia.international\/pt\/protected-areas-in-perspective-call-for-chapters-2026\/\" >\n\t\t\t\tChamada para Cap\u00edtulos de Livros | \u00c1reas Protegidas em Perspectiva\t\t\t<\/a>\n\t\t<\/h3>\n\t\t\t\t<div class=\"elementor-post__meta-data\">\n\t\t\t\t\t<span class=\"elementor-post-date\">\n\t\t\t14\/01\/2026\t\t<\/span>\n\t\t\t\t<\/div>\n\t\t\t\t<div class=\"elementor-post__excerpt\">\n\t\t\t<p>Chamada para cap\u00edtulos sobre \u00e1reas protegidas, conserva\u00e7\u00e3o e governan\u00e7a ambiental. E-book de acesso aberto com DOI e publica\u00e7\u00e3o bil\u00edngue.<\/p>\n\t\t<\/div>\n\t\t\n\t\t<a class=\"elementor-post__read-more\" href=\"https:\/\/scientia.international\/pt\/protected-areas-in-perspective-call-for-chapters-2026\/\" aria-label=\"Leia mais sobre Chamada para cap\u00edtulos de livros | \u00c1reas protegidas em perspectiva\" tabindex=\"-1\" >\n\t\t\tLeia mais \"\t\t<\/a>\n\n\t\t\t\t<\/div>\n\t\t\t\t<\/article>\n\t\t\t\t<article class=\"elementor-post elementor-grid-item post-1876 post type-post status-publish format-standard has-post-thumbnail hentry category-articles category-calls-ebooks category-news tag-amazonian-conflicts tag-amazonian-emergencies-call-for-chapters tag-decolonial-studies-amazon tag-indigenous-resistance tag-socioenvironmental-conflicts\" role=\"listitem\">\n\t\t\t\t<a class=\"elementor-post__thumbnail__link\" href=\"https:\/\/scientia.international\/pt\/amazonian-emergencies-call-for-chapters-2026\/\" tabindex=\"-1\" >\n\t\t\t<div class=\"elementor-post__thumbnail\"><img loading=\"lazy\" decoding=\"async\" width=\"1080\" height=\"1080\" src=\"https:\/\/scientia.international\/wp-content\/uploads\/2026\/01\/3.png\" class=\"attachment-full size-full wp-image-1881\" alt=\"P\u00f4ster promocional da chamada do livro \u201cAmazonian Emergencies: Conflicts, Resistances, and Reexistences\u201d (Conflitos, resist\u00eancias e reexist\u00eancias), mostrando uma vista a\u00e9rea da floresta amaz\u00f4nica e do rio com o prazo de envio de 31 de mar\u00e7o de 2026.\" srcset=\"https:\/\/scientia.international\/wp-content\/uploads\/2026\/01\/3.png 1080w, https:\/\/scientia.international\/wp-content\/uploads\/2026\/01\/3-300x300.png 300w, https:\/\/scientia.international\/wp-content\/uploads\/2026\/01\/3-1024x1024.png 1024w, https:\/\/scientia.international\/wp-content\/uploads\/2026\/01\/3-150x150.png 150w, https:\/\/scientia.international\/wp-content\/uploads\/2026\/01\/3-768x768.png 768w, https:\/\/scientia.international\/wp-content\/uploads\/2026\/01\/3-12x12.png 12w\" sizes=\"(max-width: 1080px) 100vw, 1080px\" \/><\/div>\n\t\t<\/a>\n\t\t\t\t<div class=\"elementor-post__text\">\n\t\t\t\t<h3 class=\"elementor-post__title\">\n\t\t\t<a href=\"https:\/\/scientia.international\/pt\/amazonian-emergencies-call-for-chapters-2026\/\" >\n\t\t\t\tChamada para Cap\u00edtulos de Livros | Emerg\u00eancias Amaz\u00f4nicas: Conflitos, Resist\u00eancias e Reexist\u00eancias\t\t\t<\/a>\n\t\t<\/h3>\n\t\t\t\t<div class=\"elementor-post__meta-data\">\n\t\t\t\t\t<span class=\"elementor-post-date\">\n\t\t\t14\/01\/2026\t\t<\/span>\n\t\t\t\t<\/div>\n\t\t\t\t<div class=\"elementor-post__excerpt\">\n\t\t\t<p>Chamada para cap\u00edtulos sobre conflitos, resist\u00eancias e reexist\u00eancias na Amaz\u00f4nia. E-book de acesso aberto com DOI, ISBN e publica\u00e7\u00e3o bil\u00edngue.<\/p>\n\t\t<\/div>\n\t\t\n\t\t<a class=\"elementor-post__read-more\" href=\"https:\/\/scientia.international\/pt\/amazonian-emergencies-call-for-chapters-2026\/\" aria-label=\"Leia mais sobre Call for Book Chapters | Amazonian Emergencies: Conflitos, Resist\u00eancias e Reexist\u00eancias\" tabindex=\"-1\" >\n\t\t\tLeia mais \"\t\t<\/a>\n\n\t\t\t\t<\/div>\n\t\t\t\t<\/article>\n\t\t\t\t<\/div>\n\t\t\n\t\t\t\t<div class=\"e-load-more-anchor\" data-page=\"1\" data-max-page=\"2\" data-next-page=\"https:\/\/scientia.international\/pt\/wp-json\/wp\/v2\/pages\/819\/page\/2\/\"><\/div>\n\t\t\t\t<nav class=\"elementor-pagination\" aria-label=\"Pagina\u00e7\u00e3o\">\n\t\t\t<span class=\"page-numbers prev\">\u00ab Anterior<\/span>\n<span aria-current=\"page\" class=\"page-numbers current\"><span class=\"elementor-screen-only\">P\u00e1gina<\/span>1<\/span>\n<a class=\"page-numbers\" href=\"https:\/\/scientia.international\/pt\/wp-json\/wp\/v2\/pages\/819\/page\/2\/\"><span class=\"elementor-screen-only\">P\u00e1gina<\/span>2<\/a>\n<a class=\"page-numbers next\" href=\"https:\/\/scientia.international\/pt\/wp-json\/wp\/v2\/pages\/819\/page\/2\/\">Seguinte \u00bb<\/a>\t\t<\/nav>\n\t\t\t\t\t\t<\/div>\n\t\t\t\t<\/div>\n\t\t\t\t\t<\/div>\n\t\t\t\t<\/div>\n\t\t<div data-marvy_enable_drop_animation=\"false\" data-marvy_enable_fancy_rotate=\"false\" data-marvy_enable_flying_object=\"false\" data-marvy_enable_ripples_animation=\"false\" data-marvy_enable_waves_animation=\"false\" data-marvy_enable_rings_animation=\"false\" data-marvy_enable_topology_animation=\"false\" data-marvy_enable_gradient_animation=\"false\" data-marvy_enable_snow_animation=\"false\" data-marvy_enable_firework_animation=\"false\" data-marvy_enable_cloud_animation=\"false\" class=\"elementor-element elementor-element-5191e62 e-flex e-con-boxed e-con e-parent\" data-id=\"5191e62\" data-element_type=\"container\" data-e-type=\"container\">\n\t\t\t\t\t<div class=\"e-con-inner\">\n\t\t\t\t\t<\/div>\n\t\t\t\t<\/div>\n\t\t\t\t<\/div>","protected":false},"excerpt":{"rendered":"","protected":false},"author":4,"featured_media":0,"parent":0,"menu_order":0,"comment_status":"closed","ping_status":"closed","template":"elementor_header_footer","meta":{"_mo_disable_npp":"","om_disable_all_campaigns":false,"_monsterinsights_skip_tracking":false,"_monsterinsights_sitenote_active":false,"_monsterinsights_sitenote_note":"","_monsterinsights_sitenote_category":0,"_uf_show_specific_survey":0,"_uf_disable_surveys":false,"footnotes":""},"class_list":["post-819","page","type-page","status-publish","hentry"],"yoast_head":"<!-- This site is optimized with the Yoast SEO plugin v27.5 - https:\/\/yoast.com\/product\/yoast-seo-wordpress\/ -->\n<title>News - Scientia International<\/title>\n<meta name=\"robots\" content=\"index, follow, max-snippet:-1, max-image-preview:large, max-video-preview:-1\" \/>\n<link rel=\"canonical\" href=\"https:\/\/scientia.international\/pt\/noticias-2\/\" \/>\n<meta property=\"og:locale\" content=\"pt_BR\" \/>\n<meta property=\"og:type\" content=\"article\" \/>\n<meta property=\"og:title\" content=\"News - Scientia International\" \/>\n<meta property=\"og:url\" content=\"https:\/\/scientia.international\/pt\/noticias-2\/\" \/>\n<meta property=\"og:site_name\" content=\"Scientia International\" \/>\n<meta property=\"article:modified_time\" content=\"2024-10-29T18:08:21+00:00\" \/>\n<meta name=\"twitter:card\" content=\"summary_large_image\" \/>\n<script type=\"application\/ld+json\" class=\"yoast-schema-graph\">{\"@context\":\"https:\\\/\\\/schema.org\",\"@graph\":[{\"@type\":\"WebPage\",\"@id\":\"https:\\\/\\\/scientia.international\\\/news-2\\\/\",\"url\":\"https:\\\/\\\/scientia.international\\\/news-2\\\/\",\"name\":\"News - Scientia International\",\"isPartOf\":{\"@id\":\"https:\\\/\\\/scientia.international\\\/es\\\/#website\"},\"datePublished\":\"2024-08-22T17:06:25+00:00\",\"dateModified\":\"2024-10-29T18:08:21+00:00\",\"breadcrumb\":{\"@id\":\"https:\\\/\\\/scientia.international\\\/news-2\\\/#breadcrumb\"},\"inLanguage\":\"pt-BR\",\"potentialAction\":[{\"@type\":\"ReadAction\",\"target\":[\"https:\\\/\\\/scientia.international\\\/news-2\\\/\"]}]},{\"@type\":\"BreadcrumbList\",\"@id\":\"https:\\\/\\\/scientia.international\\\/news-2\\\/#breadcrumb\",\"itemListElement\":[{\"@type\":\"ListItem\",\"position\":1,\"name\":\"Home\",\"item\":\"https:\\\/\\\/scientia.international\\\/\"},{\"@type\":\"ListItem\",\"position\":2,\"name\":\"News\"}]},{\"@type\":\"WebSite\",\"@id\":\"https:\\\/\\\/scientia.international\\\/es\\\/#website\",\"url\":\"https:\\\/\\\/scientia.international\\\/es\\\/\",\"name\":\"Scientia International\",\"description\":\"Global science in open access!\",\"potentialAction\":[{\"@type\":\"SearchAction\",\"target\":{\"@type\":\"EntryPoint\",\"urlTemplate\":\"https:\\\/\\\/scientia.international\\\/es\\\/?s={search_term_string}\"},\"query-input\":{\"@type\":\"PropertyValueSpecification\",\"valueRequired\":true,\"valueName\":\"search_term_string\"}}],\"inLanguage\":\"pt-BR\"}]}<\/script>\n<!-- \/ Yoast SEO plugin. -->","yoast_head_json":{"title":"Not\u00edcias - Scientia International","robots":{"index":"index","follow":"follow","max-snippet":"max-snippet:-1","max-image-preview":"max-image-preview:large","max-video-preview":"max-video-preview:-1"},"canonical":"https:\/\/scientia.international\/pt\/noticias-2\/","og_locale":"pt_BR","og_type":"article","og_title":"News - Scientia International","og_url":"https:\/\/scientia.international\/pt\/noticias-2\/","og_site_name":"Scientia International","article_modified_time":"2024-10-29T18:08:21+00:00","twitter_card":"summary_large_image","schema":{"@context":"https:\/\/schema.org","@graph":[{"@type":"WebPage","@id":"https:\/\/scientia.international\/news-2\/","url":"https:\/\/scientia.international\/news-2\/","name":"Not\u00edcias - Scientia International","isPartOf":{"@id":"https:\/\/scientia.international\/es\/#website"},"datePublished":"2024-08-22T17:06:25+00:00","dateModified":"2024-10-29T18:08:21+00:00","breadcrumb":{"@id":"https:\/\/scientia.international\/news-2\/#breadcrumb"},"inLanguage":"pt-BR","potentialAction":[{"@type":"ReadAction","target":["https:\/\/scientia.international\/news-2\/"]}]},{"@type":"BreadcrumbList","@id":"https:\/\/scientia.international\/news-2\/#breadcrumb","itemListElement":[{"@type":"ListItem","position":1,"name":"Home","item":"https:\/\/scientia.international\/"},{"@type":"ListItem","position":2,"name":"News"}]},{"@type":"WebSite","@id":"https:\/\/scientia.international\/es\/#website","url":"https:\/\/scientia.international\/es\/","name":"Scientia International","description":"Ci\u00eancia global em acesso aberto!","potentialAction":[{"@type":"SearchAction","target":{"@type":"EntryPoint","urlTemplate":"https:\/\/scientia.international\/es\/?s={search_term_string}"},"query-input":{"@type":"PropertyValueSpecification","valueRequired":true,"valueName":"search_term_string"}}],"inLanguage":"pt-BR"}]}},"_links":{"self":[{"href":"https:\/\/scientia.international\/pt\/wp-json\/wp\/v2\/pages\/819","targetHints":{"allow":["GET"]}}],"collection":[{"href":"https:\/\/scientia.international\/pt\/wp-json\/wp\/v2\/pages"}],"about":[{"href":"https:\/\/scientia.international\/pt\/wp-json\/wp\/v2\/types\/page"}],"author":[{"embeddable":true,"href":"https:\/\/scientia.international\/pt\/wp-json\/wp\/v2\/users\/4"}],"replies":[{"embeddable":true,"href":"https:\/\/scientia.international\/pt\/wp-json\/wp\/v2\/comments?post=819"}],"version-history":[{"count":0,"href":"https:\/\/scientia.international\/pt\/wp-json\/wp\/v2\/pages\/819\/revisions"}],"wp:attachment":[{"href":"https:\/\/scientia.international\/pt\/wp-json\/wp\/v2\/media?parent=819"}],"curies":[{"name":"wp","href":"https:\/\/api.w.org\/{rel}","templated":true}]}}